{"id":2,"date":"2023-06-30T20:10:17","date_gmt":"2023-06-30T18:10:17","guid":{"rendered":"https:\/\/www.alsofashiondesignstudio.com\/?page_id=2"},"modified":"2026-01-12T15:02:47","modified_gmt":"2026-01-12T14:02:47","slug":"also-fashion-design-studio","status":"publish","type":"page","link":"https:\/\/www.alsofashiondesignstudio.com\/fr\/","title":{"rendered":"ALSO.Fashion Design Studio, Bureau de Style et de Tendance"},"content":{"rendered":"<h6><em><strong>Page non finalis\u00e9e, en cours de cr\u00e9ation\u2026<\/strong><\/em><\/h6>\n<h2>Depuis 2013, nous vous accompagnons dans <a href=\"https:\/\/www.alsofashiondesignstudio.com\/fr\/book-styliste-freelance-mission-collaboration\/\">la cr\u00e9ation, le d\u00e9veloppement, et le suivi de vos collections<\/a> en vous apportant <a href=\"https:\/\/www.alsofashiondesignstudio.com\/fr\/expertise-style-design-marketing-mode\/\">notre expertise sensible, cr\u00e9ative, et strat\u00e9gique<\/a>. Nous sommes un <a href=\"https:\/\/www.alsofashiondesignstudio.com\/bureau-de-style-et-de-tendance\/\">bureau de style et de tendance<\/a>, une\u00a0<a href=\"https:\/\/www.alsofashiondesignstudio.com\/fr\/une-equipe-de-talents-confirmes\/\">\u00e9quipe experte<\/a> sp\u00e9cialis\u00e9e dans la mode, le design, la maison, et l\u2019\u00e9v\u00e8nementiel&#8230;<\/h2>\n<p><em><strong><a href=\"https:\/\/www.alsofashiondesignstudio.com\/bureau-style-tendance\/\">Pr\u00e9sentation du bureau de style<\/a> <a href=\"https:\/\/www.alsofashiondesignstudio.com\/fr\/book-styliste-freelance-mission-collaboration\/\">R\u00e9alisations et collaborations<\/a><\/strong><\/em><\/p>\n<ul>\n<li class=\"tendance\">\n<h3>Prospective, la veille des tendances, et le conseil de style<\/h3>\n<p><img loading=\"lazy\" decoding=\"async\" class=\"alignnone size-medium wp-image-1483\" src=\"https:\/\/www.alsofashiondesignstudio.com\/wp-content\/uploads\/Prospective-veille-des-tendances-et-conseil-de-style-ALSO-Fashion-pour-anticiper-les-envies-mode-textile-design-decoration-de-la-maison-640x640.jpg\" alt=\"Prospective veille des tendances et conseil de style ALSO Fashion pour anticiper les envies mode textile design d\u00e9coration de la maison\" width=\"640\" height=\"640\" title=\"\" srcset=\"https:\/\/www.alsofashiondesignstudio.com\/wp-content\/uploads\/Prospective-veille-des-tendances-et-conseil-de-style-ALSO-Fashion-pour-anticiper-les-envies-mode-textile-design-decoration-de-la-maison-640x640.jpg 640w, https:\/\/www.alsofashiondesignstudio.com\/wp-content\/uploads\/Prospective-veille-des-tendances-et-conseil-de-style-ALSO-Fashion-pour-anticiper-les-envies-mode-textile-design-decoration-de-la-maison-320x320.jpg 320w, https:\/\/www.alsofashiondesignstudio.com\/wp-content\/uploads\/Prospective-veille-des-tendances-et-conseil-de-style-ALSO-Fashion-pour-anticiper-les-envies-mode-textile-design-decoration-de-la-maison-768x768.jpg 768w, https:\/\/www.alsofashiondesignstudio.com\/wp-content\/uploads\/Prospective-veille-des-tendances-et-conseil-de-style-ALSO-Fashion-pour-anticiper-les-envies-mode-textile-design-decoration-de-la-maison-12x12.jpg 12w, https:\/\/www.alsofashiondesignstudio.com\/wp-content\/uploads\/Prospective-veille-des-tendances-et-conseil-de-style-ALSO-Fashion-pour-anticiper-les-envies-mode-textile-design-decoration-de-la-maison-600x600.jpg 600w, https:\/\/www.alsofashiondesignstudio.com\/wp-content\/uploads\/Prospective-veille-des-tendances-et-conseil-de-style-ALSO-Fashion-pour-anticiper-les-envies-mode-textile-design-decoration-de-la-maison.jpg 1000w\" sizes=\"auto, (max-width: 640px) 100vw, 640px\" \/><br \/>\n<strong>La prospective et la veille des tendances sont des outils puissants<\/strong> pour \u00eatre et rester comp\u00e9titif dans une industrie aussi concurrentielle que celle de la mode et du design.<br \/>\n<a href=\"https:\/\/www.alsofashiondesignstudio.com\/fr\/bureau-style-tendance\/prospective-veille-des-tendances-mode-style\/\">Prospective et tendances<\/a><\/li>\n<li class=\"marketing\">\n<h3>Marketing analytique, strat\u00e9gique, et op\u00e9rationnel<\/h3>\n<p><img loading=\"lazy\" decoding=\"async\" class=\"alignnone size-medium wp-image-1487\" src=\"https:\/\/www.alsofashiondesignstudio.com\/wp-content\/uploads\/Agence-strategique-de-la-mode-et-du-design-ALSO-Fashion-marketing-analytique-et-operationnel-640x640.jpg\" alt=\"Agence strat\u00e9gique de la mode et du design ALSO Fashion marketing analytique et op\u00e9rationnel\" width=\"640\" height=\"640\" title=\"\" srcset=\"https:\/\/www.alsofashiondesignstudio.com\/wp-content\/uploads\/Agence-strategique-de-la-mode-et-du-design-ALSO-Fashion-marketing-analytique-et-operationnel-640x640.jpg 640w, https:\/\/www.alsofashiondesignstudio.com\/wp-content\/uploads\/Agence-strategique-de-la-mode-et-du-design-ALSO-Fashion-marketing-analytique-et-operationnel-320x320.jpg 320w, https:\/\/www.alsofashiondesignstudio.com\/wp-content\/uploads\/Agence-strategique-de-la-mode-et-du-design-ALSO-Fashion-marketing-analytique-et-operationnel-768x768.jpg 768w, https:\/\/www.alsofashiondesignstudio.com\/wp-content\/uploads\/Agence-strategique-de-la-mode-et-du-design-ALSO-Fashion-marketing-analytique-et-operationnel-12x12.jpg 12w, https:\/\/www.alsofashiondesignstudio.com\/wp-content\/uploads\/Agence-strategique-de-la-mode-et-du-design-ALSO-Fashion-marketing-analytique-et-operationnel-600x600.jpg 600w, https:\/\/www.alsofashiondesignstudio.com\/wp-content\/uploads\/Agence-strategique-de-la-mode-et-du-design-ALSO-Fashion-marketing-analytique-et-operationnel.jpg 1000w\" sizes=\"auto, (max-width: 640px) 100vw, 640px\" \/><br \/>\n<strong>Analyse et strat\u00e9gie marketing,<\/strong> pour comprendre un march\u00e9, fa\u00e7onner et promouvoir les produits et services pertinents qui g\u00e9n\u00e8rent de l\u2019adh\u00e9sion du public \u00e0 votre marque.<br \/>\n<a href=\"https:\/\/www.alsofashiondesignstudio.com\/bureau-de-style-et-de-tendance\/marketing-analytique-strategique-et-operationnel\/\">Marketing strat\u00e9gique<\/a><\/li>\n<li class=\"branddesign\">\n<h3>Cr\u00e9ation de marque, du design graphique \u00e0 sa strat\u00e9gie<\/h3>\n<p><img loading=\"lazy\" decoding=\"async\" class=\"alignnone size-medium wp-image-1489\" src=\"https:\/\/www.alsofashiondesignstudio.com\/wp-content\/uploads\/Marques-de-mode-et-bureau-de-style-ALSO-Fashion-Design-Studio-en-collaborations-pros-634x640.jpg\" alt=\"Marques de mode et bureau de style ALSO Fashion Design Studio en collaborations pros\" width=\"634\" height=\"640\" title=\"\" srcset=\"https:\/\/www.alsofashiondesignstudio.com\/wp-content\/uploads\/Marques-de-mode-et-bureau-de-style-ALSO-Fashion-Design-Studio-en-collaborations-pros-634x640.jpg 634w, https:\/\/www.alsofashiondesignstudio.com\/wp-content\/uploads\/Marques-de-mode-et-bureau-de-style-ALSO-Fashion-Design-Studio-en-collaborations-pros-768x775.jpg 768w, https:\/\/www.alsofashiondesignstudio.com\/wp-content\/uploads\/Marques-de-mode-et-bureau-de-style-ALSO-Fashion-Design-Studio-en-collaborations-pros-12x12.jpg 12w, https:\/\/www.alsofashiondesignstudio.com\/wp-content\/uploads\/Marques-de-mode-et-bureau-de-style-ALSO-Fashion-Design-Studio-en-collaborations-pros-317x320.jpg 317w, https:\/\/www.alsofashiondesignstudio.com\/wp-content\/uploads\/Marques-de-mode-et-bureau-de-style-ALSO-Fashion-Design-Studio-en-collaborations-pros.jpg 991w\" sizes=\"auto, (max-width: 634px) 100vw, 634px\" \/><br \/>\n<strong>La cr\u00e9ation de marque sur mesure de A \u00e0 Z.<\/strong> Savoir entendre les attentes des consommateurs tout en respectant vos valeurs et vos contraintes d\u2019entreprise\u2026<br \/>\n<a href=\"https:\/\/www.alsofashiondesignstudio.com\/fr\/bureau-style-tendance\/creation-de-marque-design-strategie\/\">Brand design<\/a><\/li>\n<li class=\"artdirection\">\n<h3>Direction artistique et cr\u00e9ative de projets et collections<\/h3>\n<p><img loading=\"lazy\" decoding=\"async\" class=\"alignnone size-medium wp-image-1492\" src=\"https:\/\/www.alsofashiondesignstudio.com\/wp-content\/uploads\/Le-Directeur-Artistique-et-creatif-ALSO-Fashion-en-reunion-de-brainstorming-pour-un-brief-de-concept-produit-640x640.jpg\" alt=\"Le Directeur Artistique et cr\u00e9atif ALSO Fashion en r\u00e9union de brainstorming pour un brief de concept produit\" width=\"640\" height=\"640\" title=\"\" srcset=\"https:\/\/www.alsofashiondesignstudio.com\/wp-content\/uploads\/Le-Directeur-Artistique-et-creatif-ALSO-Fashion-en-reunion-de-brainstorming-pour-un-brief-de-concept-produit-640x640.jpg 640w, https:\/\/www.alsofashiondesignstudio.com\/wp-content\/uploads\/Le-Directeur-Artistique-et-creatif-ALSO-Fashion-en-reunion-de-brainstorming-pour-un-brief-de-concept-produit-320x320.jpg 320w, https:\/\/www.alsofashiondesignstudio.com\/wp-content\/uploads\/Le-Directeur-Artistique-et-creatif-ALSO-Fashion-en-reunion-de-brainstorming-pour-un-brief-de-concept-produit-768x768.jpg 768w, https:\/\/www.alsofashiondesignstudio.com\/wp-content\/uploads\/Le-Directeur-Artistique-et-creatif-ALSO-Fashion-en-reunion-de-brainstorming-pour-un-brief-de-concept-produit-12x12.jpg 12w, https:\/\/www.alsofashiondesignstudio.com\/wp-content\/uploads\/Le-Directeur-Artistique-et-creatif-ALSO-Fashion-en-reunion-de-brainstorming-pour-un-brief-de-concept-produit-600x600.jpg 600w, https:\/\/www.alsofashiondesignstudio.com\/wp-content\/uploads\/Le-Directeur-Artistique-et-creatif-ALSO-Fashion-en-reunion-de-brainstorming-pour-un-brief-de-concept-produit.jpg 1000w\" sizes=\"auto, (max-width: 640px) 100vw, 640px\" \/><br \/>\n<strong>Le juste \u00e9quilibre entre vision cr\u00e9ative, gestion, et strat\u00e9gie.<\/strong> La Direction Artistique est fondamentale pour le rayonnement cr\u00e9atif de votre marque ou projet.<br \/>\n<a href=\"https:\/\/www.alsofashiondesignstudio.com\/bureau-style-tendance\/direction-artistique-creative-collection-projet\/\">Direction artistique<\/a><\/li>\n<li class=\"stylisme\">\n<h3>Stylisme de mode et design de produits industrialisables<\/h3>\n<p><img loading=\"lazy\" decoding=\"async\" class=\"alignnone size-medium wp-image-1494\" src=\"https:\/\/www.alsofashiondesignstudio.com\/wp-content\/uploads\/La-styliste-directeur-artistique-chez-ALSO-Fashion-discute-des-croquis-de-mode-avec-la-modeliste-640x640.jpg\" alt=\"La styliste directeur artistique chez ALSO Fashion discute des croquis de mode avec la mod\u00e9liste\" width=\"640\" height=\"640\" title=\"\" srcset=\"https:\/\/www.alsofashiondesignstudio.com\/wp-content\/uploads\/La-styliste-directeur-artistique-chez-ALSO-Fashion-discute-des-croquis-de-mode-avec-la-modeliste-640x640.jpg 640w, https:\/\/www.alsofashiondesignstudio.com\/wp-content\/uploads\/La-styliste-directeur-artistique-chez-ALSO-Fashion-discute-des-croquis-de-mode-avec-la-modeliste-320x320.jpg 320w, https:\/\/www.alsofashiondesignstudio.com\/wp-content\/uploads\/La-styliste-directeur-artistique-chez-ALSO-Fashion-discute-des-croquis-de-mode-avec-la-modeliste-768x768.jpg 768w, https:\/\/www.alsofashiondesignstudio.com\/wp-content\/uploads\/La-styliste-directeur-artistique-chez-ALSO-Fashion-discute-des-croquis-de-mode-avec-la-modeliste-12x12.jpg 12w, https:\/\/www.alsofashiondesignstudio.com\/wp-content\/uploads\/La-styliste-directeur-artistique-chez-ALSO-Fashion-discute-des-croquis-de-mode-avec-la-modeliste-600x600.jpg 600w, https:\/\/www.alsofashiondesignstudio.com\/wp-content\/uploads\/La-styliste-directeur-artistique-chez-ALSO-Fashion-discute-des-croquis-de-mode-avec-la-modeliste.jpg 1000w\" sizes=\"auto, (max-width: 640px) 100vw, 640px\" \/><br \/>\n<strong>Notre bureau de style int\u00e8gre les comp\u00e9tences stylisme et design<\/strong> pour la cr\u00e9ation des v\u00eatements, objets, et accessoires qui composeront vos collections \u00e0 venir.<br \/>\n<a href=\"https:\/\/www.alsofashiondesignstudio.com\/bureau-style-tendance\/stylisme-design-mode-developpement-industriel-produit\/\">Stylisme et design de produits mode industrialisables<\/a><\/li>\n<li class=\"formation\">\n<h3>Formation des pros de la vente \u00e0 la valorisation produit<\/h3>\n<p><img loading=\"lazy\" decoding=\"async\" class=\"alignnone size-medium wp-image-1481\" src=\"https:\/\/www.alsofashiondesignstudio.com\/wp-content\/uploads\/Deux-acheteuses-vendeuses-en-boutique-de-mode-travaillent-avec-les-experts-ALSO-Fashion-sur-une-collection-de-vetements-640x640.jpg\" alt=\"Deux acheteuses vendeuses en boutique de mode travaillent avec les experts ALSO Fashion sur une collection de v\u00eatements\" width=\"640\" height=\"640\" title=\"\" srcset=\"https:\/\/www.alsofashiondesignstudio.com\/wp-content\/uploads\/Deux-acheteuses-vendeuses-en-boutique-de-mode-travaillent-avec-les-experts-ALSO-Fashion-sur-une-collection-de-vetements-640x640.jpg 640w, https:\/\/www.alsofashiondesignstudio.com\/wp-content\/uploads\/Deux-acheteuses-vendeuses-en-boutique-de-mode-travaillent-avec-les-experts-ALSO-Fashion-sur-une-collection-de-vetements-320x320.jpg 320w, https:\/\/www.alsofashiondesignstudio.com\/wp-content\/uploads\/Deux-acheteuses-vendeuses-en-boutique-de-mode-travaillent-avec-les-experts-ALSO-Fashion-sur-une-collection-de-vetements-768x768.jpg 768w, https:\/\/www.alsofashiondesignstudio.com\/wp-content\/uploads\/Deux-acheteuses-vendeuses-en-boutique-de-mode-travaillent-avec-les-experts-ALSO-Fashion-sur-une-collection-de-vetements-12x12.jpg 12w, https:\/\/www.alsofashiondesignstudio.com\/wp-content\/uploads\/Deux-acheteuses-vendeuses-en-boutique-de-mode-travaillent-avec-les-experts-ALSO-Fashion-sur-une-collection-de-vetements-600x600.jpg 600w, https:\/\/www.alsofashiondesignstudio.com\/wp-content\/uploads\/Deux-acheteuses-vendeuses-en-boutique-de-mode-travaillent-avec-les-experts-ALSO-Fashion-sur-une-collection-de-vetements.jpg 1000w\" sizes=\"auto, (max-width: 640px) 100vw, 640px\" \/><br \/>\n<strong>Ma\u00eetriser le travail autour d&rsquo;une collection vendue online ou en boutique<\/strong> afin d&rsquo;en exprimer le meilleur tout au long de la saison et de son cycle d\u2019exploitation.<br \/>\n<a href=\"https:\/\/www.alsofashiondesignstudio.com\/bureau-style-tendance\/formation-pro-mode-presentation-vente\/\">Formation des professionnels<\/a><\/li>\n<\/ul>\n<ol>\n<li class=\"tendance\"><video autoplay=\"autoplay\" loop=\"loop\" muted=\"\" width=\"320\" height=\"180\"><source src=\"https:\/\/www.alsofashiondesignstudio.com\/wp-content\/uploads\/videos\/prospective-veille-tendance-conseil-style-anticiper-envie-mode-textile-design-objet-decoration-maison.mp4\" type=\"video\/mp4\" \/><meta itemprop=\"name\" content=\"ALSO Fashion, bureau de style et de tendance\" \/><br \/>\n<meta itemprop=\"description\" content=\"Notre mission c'est d'anticiper les envies du secteur de la mode et de l'univers de la maison, tout en r\u00e9pondant aux besoins de cr\u00e9ation et d\u2019innovation de ces derniers.\" \/><\/video><\/p>\n<div>\n<h4>Bureau de style<\/h4>\n<p><strong>Nous vous accompagnons dans la cr\u00e9ation de vos projets.<\/strong> Nous sommes une \u00e9quipe experte, sp\u00e9cialis\u00e9e dans la mode, le design, la maison\u2026<br \/>\n<a href=\"https:\/\/www.alsofashiondesignstudio.com\/bureau-style-tendance\/\">Bureau de style et de tendance<\/a><\/p>\n<\/div>\n<\/li>\n<li class=\"collaborations\"><video autoplay=\"autoplay\" loop=\"loop\" muted=\"\" width=\"320\" height=\"180\"><source src=\"https:\/\/www.alsofashiondesignstudio.com\/wp-content\/uploads\/videos\/TEMPORAIRE.mp4\" type=\"video\/mp4\" \/><meta itemprop=\"name\" content=\"Collaborations et co-cr\u00e9ations ALSO Fashion \u00e0 d\u00e9couvrir\" \/><br \/>\n<meta itemprop=\"description\" content=\"Depuis toujours chez ALSO.Fashion nous accompagnons les entreprises et leurs marques dans la r\u00e9alisation de leurs projets de cr\u00e9ation, de mode, de design, de marketing, et de communication.\" \/><\/video><\/p>\n<div>\n<h4>Collaborations<\/h4>\n<p><strong>Cr\u00e9ation de mode, de design, de marketing, et de communication.<\/strong> Nous accompagnons les entreprises et leurs marques dans la r\u00e9alisation de leurs collections\u2026<br \/>\n<a href=\"https:\/\/www.alsofashiondesignstudio.com\/fr\/book-styliste-freelance-mission-collaboration\/\">Collaborations freelance style<\/a><\/p>\n<\/div>\n<\/li>\n<li class=\"equipe\"><video autoplay=\"autoplay\" loop=\"loop\" muted=\"\" width=\"320\" height=\"180\"><source src=\"https:\/\/www.alsofashiondesignstudio.com\/wp-content\/uploads\/videos\/styliste-also-fashion-dessine-croquis-figurine-vetement-collection-patronnage-couture-essayage-prototype.mp4\" type=\"video\/mp4\" \/><meta itemprop=\"name\" content=\"Une \u00e9quipe de talents confirm\u00e9s\" \/><br \/>\n<meta itemprop=\"description\" content=\"Des talents confirm\u00e9s, comme un corp cr\u00e9atif unifi\u00e9 compos\u00e9 de styliste, designer, mod\u00e9liste, costumier, plasticien, historien, artiste.\" \/><\/video><\/p>\n<div>\n<h4>Une \u00e9quipe<\/h4>\n<p><strong>Une \u00e9quipe de talents confirm\u00e9s, comme un corp cr\u00e9atif unifi\u00e9.<\/strong> Styliste, designer, mod\u00e9liste, costumier, plasticien, historien, artiste\u2026<br \/>\n<a href=\"https:\/\/www.alsofashiondesignstudio.com\/une-equipe-de-talents-confirmes\/\">Une \u00e9quipe de talents confirm\u00e9s<\/a><\/p>\n<\/div>\n<\/li>\n<li class=\"rendezvous\"><video autoplay=\"autoplay\" loop=\"loop\" muted=\"\" width=\"320\" height=\"180\"><source src=\"https:\/\/www.alsofashiondesignstudio.com\/wp-content\/uploads\/videos\/salon-milano-unica-rho-fieramilano-9-10-11-juillet-2024-italie.mp4\" type=\"video\/mp4\" \/><meta itemprop=\"name\" content=\"Notre prochain rendez-vous ensemble\" \/><br \/>\n<meta itemprop=\"description\" content=\"Les prochaines dates ou nous rencontrer et nous retrouver, lors d\u2019un salon, d\u2019un showroom, d\u2019une exposition, ou d\u2019un voyage de collection.\" \/><\/video><\/p>\n<div>\n<h4>Rendez-vous<\/h4>\n<p><strong>En juillet 2026 \u00ab Buongiorno Milano Unica ! \u00bb<\/strong> Et \u00ab Ciao Premi\u00e8re Vision Paris ! \u00bb\u2026<br \/>\n<a href=\"https:\/\/www.alsofashiondesignstudio.com\/fr\/juillet-2026-buongiorno-milano-unica-ciao-pv-paris-552\/\">Notre prochain rendez-vous ensemble<\/a><\/p>\n<\/div>\n<\/li>\n<\/ol>\n\n","protected":false},"excerpt":{"rendered":"<p>Page non finalis\u00e9e, en cours de cr\u00e9ation\u2026 Depuis 2013, nous vous accompagnons dans la cr\u00e9ation, le d\u00e9veloppement, et le suivi&#8230;<\/p>\n","protected":false},"author":1,"featured_media":0,"parent":0,"menu_order":14,"comment_status":"closed","ping_status":"closed","template":"template-homepage.php","meta":{"footnotes":""},"class_list":["post-2","page","type-page","status-publish","hentry"],"jetpack_sharing_enabled":true,"amp_enabled":false,"_links":{"self":[{"href":"https:\/\/www.alsofashiondesignstudio.com\/fr\/wp-json\/wp\/v2\/pages\/2","targetHints":{"allow":["GET"]}}],"collection":[{"href":"https:\/\/www.alsofashiondesignstudio.com\/fr\/wp-json\/wp\/v2\/pages"}],"about":[{"href":"https:\/\/www.alsofashiondesignstudio.com\/fr\/wp-json\/wp\/v2\/types\/page"}],"author":[{"embeddable":true,"href":"https:\/\/www.alsofashiondesignstudio.com\/fr\/wp-json\/wp\/v2\/users\/1"}],"replies":[{"embeddable":true,"href":"https:\/\/www.alsofashiondesignstudio.com\/fr\/wp-json\/wp\/v2\/comments?post=2"}],"version-history":[{"count":169,"href":"https:\/\/www.alsofashiondesignstudio.com\/fr\/wp-json\/wp\/v2\/pages\/2\/revisions"}],"predecessor-version":[{"id":300,"href":"https:\/\/www.alsofashiondesignstudio.com\/fr\/wp-json\/wp\/v2\/pages\/2\/revisions\/300"}],"wp:attachment":[{"href":"https:\/\/www.alsofashiondesignstudio.com\/fr\/wp-json\/wp\/v2\/media?parent=2"}],"curies":[{"name":"wp","href":"https:\/\/api.w.org\/{rel}","templated":true}]}}