{"id":218,"date":"2024-02-06T20:17:11","date_gmt":"2024-02-06T19:17:11","guid":{"rendered":"https:\/\/www.alsofashiondesignstudio.com\/?page_id=218"},"modified":"2024-03-05T08:03:39","modified_gmt":"2024-03-05T07:03:39","slug":"plan-du-site-mode-design","status":"publish","type":"page","link":"https:\/\/www.alsofashiondesignstudio.com\/fr\/plan-du-site-mode-design\/","title":{"rendered":"Plan du site mode et design"},"content":{"rendered":"<p><strong>Le plan du site c&rsquo;est tous nos articles, toutes les pages, toutes les cat\u00e9gories<\/strong><strong>\u00a0mode et design<\/strong><strong>\u00a0de notre site sur une m\u00eame page<\/strong> vous offre une vue d&rsquo;ensemble de ses contenus et vous permet de vous rep\u00e9rer dans notre site. Si vous pr\u00e9f\u00e9rez parcourir notre site par mots-cl\u00e9s pensez \u00e0 visiter notre <a href=\"https:\/\/www.alsofashiondesignstudio.com\/lexique-mode-design\/\">lexique mode et design<\/a>. Dans tous les cas si vous avez la moindre question n&rsquo;h\u00e9sitez pas \u00e0 <a href=\"https:\/\/www.alsofashiondesignstudio.com\/contact-bureau-de-style-freelance\/\">nous contacter<\/a>. Bonne visite !<\/p>\n<hr \/>\n<div class=\"rank-math-html-sitemap\"><div class=\"rank-math-html-sitemap__section rank-math-html-sitemap__section--post-type rank-math-html-sitemap__section--post\"><h2 class=\"rank-math-html-sitemap__title\">Articles<\/h2><ul class=\"rank-math-html-sitemap__list\"><li class=\"rank-math-html-sitemap__item\"><a href=\"https:\/\/www.alsofashiondesignstudio.com\/fr\/book-styliste-freelance-mission-collaboration\/marque-armor-lux-heritage-terre-et-mer-bonneterie-darmor\/armor-lux-denham-collab-capsule-maille-denim-femme-printemps-ete-2024-1449\/\" class=\"rank-math-html-sitemap__link\">Armor Lux + Denham = Collab\u2019 capsule maille et denim printemps \u00e9t\u00e9 2024<\/a><\/li><li class=\"rank-math-html-sitemap__item\"><a href=\"https:\/\/www.alsofashiondesignstudio.com\/fr\/book-styliste-freelance-mission-collaboration\/marque-armor-lux-heritage-terre-et-mer-bonneterie-darmor\/armor-lux-one-step-collab-capsule-mariniere-printemps-ete-2022-1388\/\" class=\"rank-math-html-sitemap__link\">Armor Lux + One Step = Collab\u2019 capsule marini\u00e8re printemps \u00e9t\u00e9 2022<\/a><\/li><li class=\"rank-math-html-sitemap__item\"><a href=\"https:\/\/www.alsofashiondesignstudio.com\/fr\/book-styliste-freelance-mission-collaboration\/marque-armor-lux-heritage-terre-et-mer-bonneterie-darmor\/armor-lux-heritage-terre-et-mer-collection-femme-automne-hiver-2022-1408\/\" class=\"rank-math-html-sitemap__link\">Armor Lux, H\u00e9ritage, Terre &amp; Mer, collections femme automne hiver 2022<\/a><\/li><li class=\"rank-math-html-sitemap__item\"><a href=\"https:\/\/www.alsofashiondesignstudio.com\/fr\/book-styliste-freelance-mission-collaboration\/marque-armor-lux-heritage-terre-et-mer-bonneterie-darmor\/armor-lux-heritage-terre-et-mer-collection-femme-automne-hiver-2023-1019\/\" class=\"rank-math-html-sitemap__link\">Armor Lux, H\u00e9ritage, Terre &amp; Mer, collections femme automne hiver 2023<\/a><\/li><li class=\"rank-math-html-sitemap__item\"><a href=\"https:\/\/www.alsofashiondesignstudio.com\/fr\/book-styliste-freelance-mission-collaboration\/marque-armor-lux-heritage-terre-et-mer-bonneterie-darmor\/armor-lux-heritage-terre-et-mer-collection-femme-printemps-ete-2022-1377\/\" class=\"rank-math-html-sitemap__link\">Armor Lux, H\u00e9ritage, Terre &amp; Mer, collections femme printemps \u00e9t\u00e9 2022<\/a><\/li><li class=\"rank-math-html-sitemap__item\"><a href=\"https:\/\/www.alsofashiondesignstudio.com\/fr\/book-styliste-freelance-mission-collaboration\/marque-armor-lux-heritage-terre-et-mer-bonneterie-darmor\/armor-lux-heritage-terre-et-mer-collection-femme-printemps-ete-2023-1081\/\" class=\"rank-math-html-sitemap__link\">Armor Lux, H\u00e9ritage, Terre &amp; Mer, collections femme printemps \u00e9t\u00e9 2023<\/a><\/li><li class=\"rank-math-html-sitemap__item\"><a href=\"https:\/\/www.alsofashiondesignstudio.com\/fr\/book-styliste-freelance-mission-collaboration\/marque-armor-lux-heritage-terre-et-mer-bonneterie-darmor\/armor-lux-heritage-terre-et-mer-collection-femme-printemps-ete-2024-1014\/\" class=\"rank-math-html-sitemap__link\">Armor Lux, H\u00e9ritage, Terre &amp; Mer, collections femme printemps \u00e9t\u00e9 2024<\/a><\/li><li class=\"rank-math-html-sitemap__item\"><a href=\"https:\/\/www.alsofashiondesignstudio.com\/fr\/book-styliste-freelance-mission-collaboration\/marque-armor-lux-heritage-terre-et-mer-bonneterie-darmor\/armor-lux-terre-et-mer-collection-femme-automne-hiver-2020-713\/\" class=\"rank-math-html-sitemap__link\">Armor Lux, Terre &amp; Mer, collections femme automne hiver 2020<\/a><\/li><li class=\"rank-math-html-sitemap__item\"><a href=\"https:\/\/www.alsofashiondesignstudio.com\/fr\/book-styliste-freelance-mission-collaboration\/marque-armor-lux-heritage-terre-et-mer-bonneterie-darmor\/armor-lux-terre-et-mer-collection-femme-automne-hiver-2021-1367\/\" class=\"rank-math-html-sitemap__link\">Armor Lux, Terre &amp; Mer, collections femme automne hiver 2021<\/a><\/li><li class=\"rank-math-html-sitemap__item\"><a href=\"https:\/\/www.alsofashiondesignstudio.com\/fr\/book-styliste-freelance-mission-collaboration\/marque-armor-lux-heritage-terre-et-mer-bonneterie-darmor\/armor-lux-terre-et-mer-collection-femme-printemps-ete-2020-707\/\" class=\"rank-math-html-sitemap__link\">Armor Lux, Terre &amp; Mer, collections femme printemps \u00e9t\u00e9 2020<\/a><\/li><li class=\"rank-math-html-sitemap__item\"><a href=\"https:\/\/www.alsofashiondesignstudio.com\/fr\/book-styliste-freelance-mission-collaboration\/marque-armor-lux-heritage-terre-et-mer-bonneterie-darmor\/armor-lux-terre-et-mer-collection-femme-printemps-ete-2021-1011\/\" class=\"rank-math-html-sitemap__link\">Armor Lux, Terre &amp; Mer, collections femme printemps \u00e9t\u00e9 2021<\/a><\/li><li class=\"rank-math-html-sitemap__item\"><a href=\"https:\/\/www.alsofashiondesignstudio.com\/fr\/expertise-style-design-marketing-mode\/brandesigner-expert-brand-design-creation-de-marque-789\/\" class=\"rank-math-html-sitemap__link\">Brand design, cr\u00e9ation de marque<\/a><\/li><li class=\"rank-math-html-sitemap__item\"><a href=\"https:\/\/www.alsofashiondesignstudio.com\/fr\/book-styliste-freelance-mission-collaboration\/archive-projets-client-auparavant\/marque-catimini-idkids-groupe-zannier-768\/\" class=\"rank-math-html-sitemap__link\">Catimini pour IdKids (Ex. Groupe Zannier)<\/a><\/li><li class=\"rank-math-html-sitemap__item\"><a href=\"https:\/\/www.alsofashiondesignstudio.com\/fr\/book-styliste-freelance-mission-collaboration\/archive-projets-client-auparavant\/marque-chipie-women-groupe-zannier-923\/\" class=\"rank-math-html-sitemap__link\">Chipie Women pour le Groupe Zannier<\/a><\/li><li class=\"rank-math-html-sitemap__item\"><a href=\"https:\/\/www.alsofashiondesignstudio.com\/fr\/expertise-style-design-marketing-mode\/coloriste-expert-creation-palette-gamme-couleur-harmonie-nuancier-1139\/\" class=\"rank-math-html-sitemap__link\">Coloriste expert, cr\u00e9ation de palettes et gammes de couleurs<\/a><\/li><li class=\"rank-math-html-sitemap__item\"><a href=\"https:\/\/www.alsofashiondesignstudio.com\/fr\/expertise-style-design-marketing-mode\/concepteur-redacteur-mode-storytelling-collection-produit-creation-textes-descriptif-vendeur-1157\/\" class=\"rank-math-html-sitemap__link\">Concepteur r\u00e9dacteur mode pour le storytelling de vos produits<\/a><\/li><li class=\"rank-math-html-sitemap__item\"><a href=\"https:\/\/www.alsofashiondesignstudio.com\/fr\/expertise-style-design-marketing-mode\/consultant-mode-independant-conseil-expert-pour-votre-marque-1155\/\" class=\"rank-math-html-sitemap__link\">Consultant mode ind\u00e9pendant, le conseil expert pour votre marque<\/a><\/li><li class=\"rank-math-html-sitemap__item\"><a href=\"https:\/\/www.alsofashiondesignstudio.com\/fr\/book-styliste-freelance-mission-collaboration\/archive-projets-client-auparavant\/marque-cop-copine-pour-nedel-773\/\" class=\"rank-math-html-sitemap__link\">Cop.copine (Cop Copine) pour NEDEL<\/a><\/li><li class=\"rank-math-html-sitemap__item\"><a href=\"https:\/\/www.alsofashiondesignstudio.com\/fr\/expertise-style-design-marketing-mode\/styliste-cabine-senior-expert-creation-de-look-silhouette-portant-vetement-815\/\" class=\"rank-math-html-sitemap__link\">Cr\u00e9ation de looks en silhouettes et portants<\/a><\/li><li class=\"rank-math-html-sitemap__item\"><a href=\"https:\/\/www.alsofashiondesignstudio.com\/fr\/expertise-style-design-marketing-mode\/definir-offre-produit-mise-au-point-cadre-de-collection-cadencement-1148\/\" class=\"rank-math-html-sitemap__link\">D\u00e9finir l&#039;offre produit, mise au point du cadre de collection et son cadencement<\/a><\/li><li class=\"rank-math-html-sitemap__item\"><a href=\"https:\/\/www.alsofashiondesignstudio.com\/fr\/expertise-style-design-marketing-mode\/definition-de-theme-creation-de-moodboards-ambiances-couleurs-1772\/\" class=\"rank-math-html-sitemap__link\">D\u00e9finition de th\u00e8me, cr\u00e9ation de moodboards ambiances couleurs<\/a><\/li><li class=\"rank-math-html-sitemap__item\"><a href=\"https:\/\/www.alsofashiondesignstudio.com\/fr\/expertise-style-design-marketing-mode\/designer-textile-senior-expert-design-creation-dimprime-motif-textile-805\/\" class=\"rank-math-html-sitemap__link\">Design et cr\u00e9ation d&#039;imprim\u00e9s et motifs textile<\/a><\/li><li class=\"rank-math-html-sitemap__item\"><a href=\"https:\/\/www.alsofashiondesignstudio.com\/fr\/expertise-style-design-marketing-mode\/directeur-artistique-senior-expert-direction-artistique-creative-793\/\" class=\"rank-math-html-sitemap__link\">Direction artistique et cr\u00e9ative<\/a><\/li><li class=\"rank-math-html-sitemap__item\"><a href=\"https:\/\/www.alsofashiondesignstudio.com\/fr\/book-styliste-freelance-mission-collaboration\/archive-projets-client-auparavant\/elle-creation-enfant-fillette-pour-children-worldwide-fashion-cwf-1213\/\" class=\"rank-math-html-sitemap__link\">ELLE Cr\u00e9ation enfant fille pour CWF (Children Worldwide Fashion)<\/a><\/li><li class=\"rank-math-html-sitemap__item\"><a href=\"https:\/\/www.alsofashiondesignstudio.com\/fr\/offre-demploi-freelance-stage\/candidature-pontannee-588\/\" class=\"rank-math-html-sitemap__link\">Envoyer votre candidature spontann\u00e9e<\/a><\/li><li class=\"rank-math-html-sitemap__item\"><a href=\"https:\/\/www.alsofashiondesignstudio.com\/fr\/expertise-style-design-marketing-mode\/expert-en-traitements-et-ennoblissements-textiles-1782\/\" class=\"rank-math-html-sitemap__link\">Expert en traitements et ennoblissements textiles<\/a><\/li><li class=\"rank-math-html-sitemap__item\"><a href=\"https:\/\/www.alsofashiondesignstudio.com\/fr\/expertise-style-design-marketing-mode\/expert-jean-denim-toile-serge-800\/\" class=\"rank-math-html-sitemap__link\">Expert jean et denim<\/a><\/li><li class=\"rank-math-html-sitemap__item\"><a href=\"https:\/\/www.alsofashiondesignstudio.com\/fr\/expertise-style-design-marketing-mode\/expert-maille-tricotage-main-machine-jacquard-tricoteur-tricoteuse-798\/\" class=\"rank-math-html-sitemap__link\">Expert maille et tricotage<\/a><\/li><li class=\"rank-math-html-sitemap__item\"><a href=\"https:\/\/www.alsofashiondesignstudio.com\/fr\/expertise-style-design-marketing-mode\/expert-traitements-et-ennoblissements-textiles-802\/\" class=\"rank-math-html-sitemap__link\">Expert traitements et ennoblissements textiles<\/a><\/li><li class=\"rank-math-html-sitemap__item\"><a href=\"https:\/\/www.alsofashiondesignstudio.com\/fr\/book-styliste-freelance-mission-collaboration\/archive-projets-client-auparavant\/marque-gregory-pat-collection-femme-vetement-haut-de-gamme-groupe-donnio-brest-la-rochelle-765\/\" class=\"rank-math-html-sitemap__link\">Gregory Pat, v\u00eatements femme haut de gamme pour le Groupe Donnio<\/a><\/li><li class=\"rank-math-html-sitemap__item\"><a href=\"https:\/\/www.alsofashiondesignstudio.com\/fr\/production-publication-developpement-interne-marque-label\/marque-premium-luxe-iamsh-i-am-sh\/marque-i-am-sh-un-manifeste-851\/\" class=\"rank-math-html-sitemap__link\">I am SH\u00ae, un manifeste<\/a><\/li><li class=\"rank-math-html-sitemap__item\"><a href=\"https:\/\/www.alsofashiondesignstudio.com\/fr\/expertise-style-design-marketing-mode\/illustration-de-look-figurine-de-mode-colorisation-silhouette-dessin-811\/\" class=\"rank-math-html-sitemap__link\">Illustration de look et figurine de mode, colorisation de silhouette et de dessin<\/a><\/li><li class=\"rank-math-html-sitemap__item\"><a href=\"https:\/\/www.alsofashiondesignstudio.com\/fr\/book-styliste-freelance-mission-collaboration\/archive-projets-client-auparavant\/kenzo-kids-enfant-garcon-pour-cwf-children-worldwide-fashion-1218\/\" class=\"rank-math-html-sitemap__link\">KENZO Kids enfant gar\u00e7on pour CWF (Children Worldwide Fashion)<\/a><\/li><li class=\"rank-math-html-sitemap__item\"><a href=\"https:\/\/www.alsofashiondesignstudio.com\/fr\/book-styliste-freelance-mission-collaboration\/marque-kookai-amh-antonelle\/kookai-collection-femme-printemps-ete-2024-737\/\" class=\"rank-math-html-sitemap__link\">Kooka\u00ef, collection femme printemps \u00e9t\u00e9 2024<\/a><\/li><li class=\"rank-math-html-sitemap__item\"><a href=\"https:\/\/www.alsofashiondesignstudio.com\/fr\/book-styliste-freelance-mission-collaboration\/archive-projets-client-auparavant\/marque-maison-123-groupe-etam-845\/\" class=\"rank-math-html-sitemap__link\">Maison 123 pour le Groupe Etam<\/a><\/li><li class=\"rank-math-html-sitemap__item\"><a href=\"https:\/\/www.alsofashiondesignstudio.com\/fr\/offre-demploi-freelance-stage\/offre-mission-mannequin-freelance-839\/\" class=\"rank-math-html-sitemap__link\">Mannequin freelance, offre de mission<\/a><\/li><li class=\"rank-math-html-sitemap__item\"><a href=\"https:\/\/www.alsofashiondesignstudio.com\/fr\/expertise-style-design-marketing-mode\/marchandiseur-visuel-expert-marchandisage-visuel-vitrine-corner-popup-store-821\/\" class=\"rank-math-html-sitemap__link\">Marchandisage visuel, cr\u00e9ation de vitrines, corners et pop-up stores<\/a><\/li><li class=\"rank-math-html-sitemap__item\"><a href=\"https:\/\/www.alsofashiondesignstudio.com\/fr\/expertise-style-design-marketing-mode\/expert-marketing-analytique-786\/\" class=\"rank-math-html-sitemap__link\">Marketing analytique<\/a><\/li><li class=\"rank-math-html-sitemap__item\"><a href=\"https:\/\/www.alsofashiondesignstudio.com\/fr\/expertise-style-design-marketing-mode\/expert-marketing-de-linnovation-dans-loffre-779\/\" class=\"rank-math-html-sitemap__link\">Marketing de l\u2019innovation dans l&#039;offre<\/a><\/li><li class=\"rank-math-html-sitemap__item\"><a href=\"https:\/\/www.alsofashiondesignstudio.com\/fr\/production-publication-developpement-interne-marque-label\/publication-bureau-de-style-tendance\/moodboard-femme-automne-hiver-2025-london-afterwork-538\/\" class=\"rank-math-html-sitemap__link\">Moodboard femme Automne hiver 2025 : London afterwork<\/a><\/li><li class=\"rank-math-html-sitemap__item\"><a href=\"https:\/\/www.alsofashiondesignstudio.com\/fr\/offre-demploi-freelance-stage\/offre-stage-2026-styliste-mode-597\/\" class=\"rank-math-html-sitemap__link\">Offre de stage 2026, Styliste de mode<\/a><\/li><li class=\"rank-math-html-sitemap__item\"><a href=\"https:\/\/www.alsofashiondesignstudio.com\/fr\/book-styliste-freelance-mission-collaboration\/marque-one-step-groupe-ikks\/one-step-3-artistes-collab-capsule-oser-lart-automne-hiver-2021-1403\/\" class=\"rank-math-html-sitemap__link\">One Step + 3 artistes = Collab\u2019 capsule Oser l&#039;art automne hiver 2021<\/a><\/li><li class=\"rank-math-html-sitemap__item\"><a href=\"https:\/\/www.alsofashiondesignstudio.com\/fr\/book-styliste-freelance-mission-collaboration\/marque-one-step-groupe-ikks\/one-step-noon-collab-capsule-arty-printemps-ete-2022-1400\/\" class=\"rank-math-html-sitemap__link\">One Step + NOON = Collab\u2019 capsule arty printemps \u00e9t\u00e9 2022<\/a><\/li><li class=\"rank-math-html-sitemap__item\"><a href=\"https:\/\/www.alsofashiondesignstudio.com\/fr\/book-styliste-freelance-mission-collaboration\/marque-one-step-groupe-ikks\/one-step-femme-collection-automne-hiver-2004-1223\/\" class=\"rank-math-html-sitemap__link\">One Step femme collection automne hiver 2004<\/a><\/li><li class=\"rank-math-html-sitemap__item\"><a href=\"https:\/\/www.alsofashiondesignstudio.com\/fr\/book-styliste-freelance-mission-collaboration\/marque-one-step-groupe-ikks\/one-step-femme-collection-automne-hiver-2005-1230\/\" class=\"rank-math-html-sitemap__link\">One Step femme collection automne hiver 2005<\/a><\/li><li class=\"rank-math-html-sitemap__item\"><a href=\"https:\/\/www.alsofashiondesignstudio.com\/fr\/book-styliste-freelance-mission-collaboration\/marque-one-step-groupe-ikks\/one-step-femme-collection-automne-hiver-2006-1241\/\" class=\"rank-math-html-sitemap__link\">One Step femme collection automne hiver 2006<\/a><\/li><li class=\"rank-math-html-sitemap__item\"><a href=\"https:\/\/www.alsofashiondesignstudio.com\/fr\/book-styliste-freelance-mission-collaboration\/marque-one-step-groupe-ikks\/one-step-femme-collection-automne-hiver-2007-1247\/\" class=\"rank-math-html-sitemap__link\">One Step femme collection automne hiver 2007<\/a><\/li><li class=\"rank-math-html-sitemap__item\"><a href=\"https:\/\/www.alsofashiondesignstudio.com\/fr\/book-styliste-freelance-mission-collaboration\/marque-one-step-groupe-ikks\/one-step-femme-collection-automne-hiver-2008-1253\/\" class=\"rank-math-html-sitemap__link\">One Step femme collection automne hiver 2008<\/a><\/li><li class=\"rank-math-html-sitemap__item\"><a href=\"https:\/\/www.alsofashiondesignstudio.com\/fr\/book-styliste-freelance-mission-collaboration\/marque-one-step-groupe-ikks\/one-step-femme-collection-automne-hiver-2009-1259\/\" class=\"rank-math-html-sitemap__link\">One Step femme collection automne hiver 2009<\/a><\/li><li class=\"rank-math-html-sitemap__item\"><a href=\"https:\/\/www.alsofashiondesignstudio.com\/fr\/book-styliste-freelance-mission-collaboration\/marque-one-step-groupe-ikks\/one-step-femme-collection-automne-hiver-2010-1267\/\" class=\"rank-math-html-sitemap__link\">One Step femme collection automne hiver 2010<\/a><\/li><li class=\"rank-math-html-sitemap__item\"><a href=\"https:\/\/www.alsofashiondesignstudio.com\/fr\/book-styliste-freelance-mission-collaboration\/marque-one-step-groupe-ikks\/one-step-femme-collection-automne-hiver-2011-1273\/\" class=\"rank-math-html-sitemap__link\">One Step femme collection automne hiver 2011<\/a><\/li><li class=\"rank-math-html-sitemap__item\"><a href=\"https:\/\/www.alsofashiondesignstudio.com\/fr\/book-styliste-freelance-mission-collaboration\/marque-one-step-groupe-ikks\/one-step-femme-collection-automne-hiver-2012-1282\/\" class=\"rank-math-html-sitemap__link\">One Step femme collection automne hiver 2012<\/a><\/li><li class=\"rank-math-html-sitemap__item\"><a href=\"https:\/\/www.alsofashiondesignstudio.com\/fr\/book-styliste-freelance-mission-collaboration\/marque-one-step-groupe-ikks\/one-step-femme-collection-automne-hiver-2013-1288\/\" class=\"rank-math-html-sitemap__link\">One Step femme collection automne hiver 2013<\/a><\/li><li class=\"rank-math-html-sitemap__item\"><a href=\"https:\/\/www.alsofashiondesignstudio.com\/fr\/book-styliste-freelance-mission-collaboration\/marque-one-step-groupe-ikks\/one-step-femme-collection-automne-hiver-2014-1294\/\" class=\"rank-math-html-sitemap__link\">One Step femme collection automne hiver 2014<\/a><\/li><li class=\"rank-math-html-sitemap__item\"><a href=\"https:\/\/www.alsofashiondesignstudio.com\/fr\/book-styliste-freelance-mission-collaboration\/marque-one-step-groupe-ikks\/one-step-femme-collection-automne-hiver-2015-1300\/\" class=\"rank-math-html-sitemap__link\">One Step femme collection automne hiver 2015<\/a><\/li><li class=\"rank-math-html-sitemap__item\"><a href=\"https:\/\/www.alsofashiondesignstudio.com\/fr\/book-styliste-freelance-mission-collaboration\/marque-one-step-groupe-ikks\/one-step-femme-collection-automne-hiver-2016-1307\/\" class=\"rank-math-html-sitemap__link\">One Step femme collection automne hiver 2016<\/a><\/li><li class=\"rank-math-html-sitemap__item\"><a href=\"https:\/\/www.alsofashiondesignstudio.com\/fr\/book-styliste-freelance-mission-collaboration\/marque-one-step-groupe-ikks\/one-step-femme-collection-automne-hiver-2017-1314\/\" class=\"rank-math-html-sitemap__link\">One Step femme collection automne hiver 2017<\/a><\/li><li class=\"rank-math-html-sitemap__item\"><a href=\"https:\/\/www.alsofashiondesignstudio.com\/fr\/book-styliste-freelance-mission-collaboration\/marque-one-step-groupe-ikks\/one-step-femme-collection-automne-hiver-2018-1322\/\" class=\"rank-math-html-sitemap__link\">One Step femme collection automne hiver 2018<\/a><\/li><li class=\"rank-math-html-sitemap__item\"><a href=\"https:\/\/www.alsofashiondesignstudio.com\/fr\/book-styliste-freelance-mission-collaboration\/marque-one-step-groupe-ikks\/one-step-femme-collection-automne-hiver-2019-1339\/\" class=\"rank-math-html-sitemap__link\">One Step femme collection automne hiver 2019<\/a><\/li><li class=\"rank-math-html-sitemap__item\"><a href=\"https:\/\/www.alsofashiondesignstudio.com\/fr\/book-styliste-freelance-mission-collaboration\/marque-one-step-groupe-ikks\/one-step-femme-collection-automne-hiver-2020-1349\/\" class=\"rank-math-html-sitemap__link\">One Step femme collection automne hiver 2020<\/a><\/li><li class=\"rank-math-html-sitemap__item\"><a href=\"https:\/\/www.alsofashiondesignstudio.com\/fr\/book-styliste-freelance-mission-collaboration\/marque-one-step-groupe-ikks\/one-step-femme-collection-automne-hiver-2021-1370\/\" class=\"rank-math-html-sitemap__link\">One Step femme collection automne hiver 2021<\/a><\/li><li class=\"rank-math-html-sitemap__item\"><a href=\"https:\/\/www.alsofashiondesignstudio.com\/fr\/book-styliste-freelance-mission-collaboration\/marque-one-step-groupe-ikks\/one-step-femme-collection-automne-hiver-2022-1412\/\" class=\"rank-math-html-sitemap__link\">One Step femme collection automne hiver 2022<\/a><\/li><li class=\"rank-math-html-sitemap__item\"><a href=\"https:\/\/www.alsofashiondesignstudio.com\/fr\/book-styliste-freelance-mission-collaboration\/marque-one-step-groupe-ikks\/one-step-femme-collection-printemps-ete-2005-1227\/\" class=\"rank-math-html-sitemap__link\">One Step femme collection printemps \u00e9t\u00e9 2005<\/a><\/li><li class=\"rank-math-html-sitemap__item\"><a href=\"https:\/\/www.alsofashiondesignstudio.com\/fr\/book-styliste-freelance-mission-collaboration\/marque-one-step-groupe-ikks\/one-step-femme-collection-printemps-ete-2006-1234\/\" class=\"rank-math-html-sitemap__link\">One Step femme collection printemps \u00e9t\u00e9 2006<\/a><\/li><li class=\"rank-math-html-sitemap__item\"><a href=\"https:\/\/www.alsofashiondesignstudio.com\/fr\/book-styliste-freelance-mission-collaboration\/marque-one-step-groupe-ikks\/one-step-femme-collection-printemps-ete-2007-1243\/\" class=\"rank-math-html-sitemap__link\">One Step femme collection printemps \u00e9t\u00e9 2007<\/a><\/li><li class=\"rank-math-html-sitemap__item\"><a href=\"https:\/\/www.alsofashiondesignstudio.com\/fr\/book-styliste-freelance-mission-collaboration\/marque-one-step-groupe-ikks\/one-step-femme-collection-printemps-ete-2008-1251\/\" class=\"rank-math-html-sitemap__link\">One Step femme collection printemps \u00e9t\u00e9 2008<\/a><\/li><li class=\"rank-math-html-sitemap__item\"><a href=\"https:\/\/www.alsofashiondesignstudio.com\/fr\/book-styliste-freelance-mission-collaboration\/marque-one-step-groupe-ikks\/one-step-femme-collection-printemps-ete-2009-1256\/\" class=\"rank-math-html-sitemap__link\">One Step femme collection printemps \u00e9t\u00e9 2009<\/a><\/li><li class=\"rank-math-html-sitemap__item\"><a href=\"https:\/\/www.alsofashiondesignstudio.com\/fr\/book-styliste-freelance-mission-collaboration\/marque-one-step-groupe-ikks\/one-step-femme-collection-printemps-ete-2010-1264\/\" class=\"rank-math-html-sitemap__link\">One Step femme collection printemps \u00e9t\u00e9 2010<\/a><\/li><li class=\"rank-math-html-sitemap__item\"><a href=\"https:\/\/www.alsofashiondesignstudio.com\/fr\/book-styliste-freelance-mission-collaboration\/marque-one-step-groupe-ikks\/one-step-femme-collection-printemps-ete-2011-1269\/\" class=\"rank-math-html-sitemap__link\">One Step femme collection printemps \u00e9t\u00e9 2011<\/a><\/li><li class=\"rank-math-html-sitemap__item\"><a href=\"https:\/\/www.alsofashiondesignstudio.com\/fr\/book-styliste-freelance-mission-collaboration\/marque-one-step-groupe-ikks\/one-step-femme-collection-printemps-ete-2012-1278\/\" class=\"rank-math-html-sitemap__link\">One Step femme collection printemps \u00e9t\u00e9 2012<\/a><\/li><li class=\"rank-math-html-sitemap__item\"><a href=\"https:\/\/www.alsofashiondesignstudio.com\/fr\/book-styliste-freelance-mission-collaboration\/marque-one-step-groupe-ikks\/one-step-femme-collection-printemps-ete-2013-1285\/\" class=\"rank-math-html-sitemap__link\">One Step femme collection printemps \u00e9t\u00e9 2013<\/a><\/li><li class=\"rank-math-html-sitemap__item\"><a href=\"https:\/\/www.alsofashiondesignstudio.com\/fr\/book-styliste-freelance-mission-collaboration\/marque-one-step-groupe-ikks\/one-step-femme-collection-printemps-ete-2014-1291\/\" class=\"rank-math-html-sitemap__link\">One Step femme collection printemps \u00e9t\u00e9 2014<\/a><\/li><li class=\"rank-math-html-sitemap__item\"><a href=\"https:\/\/www.alsofashiondesignstudio.com\/fr\/book-styliste-freelance-mission-collaboration\/marque-one-step-groupe-ikks\/one-step-femme-collection-printemps-ete-2015-1298\/\" class=\"rank-math-html-sitemap__link\">One Step femme collection printemps \u00e9t\u00e9 2015<\/a><\/li><li class=\"rank-math-html-sitemap__item\"><a href=\"https:\/\/www.alsofashiondesignstudio.com\/fr\/book-styliste-freelance-mission-collaboration\/marque-one-step-groupe-ikks\/one-step-femme-collection-printemps-ete-2016-1304\/\" class=\"rank-math-html-sitemap__link\">One Step femme collection printemps \u00e9t\u00e9 2016<\/a><\/li><li class=\"rank-math-html-sitemap__item\"><a href=\"https:\/\/www.alsofashiondesignstudio.com\/fr\/book-styliste-freelance-mission-collaboration\/marque-one-step-groupe-ikks\/one-step-femme-collection-printemps-ete-2017-1311\/\" class=\"rank-math-html-sitemap__link\">One Step femme collection printemps \u00e9t\u00e9 2017<\/a><\/li><li class=\"rank-math-html-sitemap__item\"><a href=\"https:\/\/www.alsofashiondesignstudio.com\/fr\/book-styliste-freelance-mission-collaboration\/marque-one-step-groupe-ikks\/one-step-femme-collection-printemps-ete-2018-1317\/\" class=\"rank-math-html-sitemap__link\">One Step femme collection printemps \u00e9t\u00e9 2018<\/a><\/li><li class=\"rank-math-html-sitemap__item\"><a href=\"https:\/\/www.alsofashiondesignstudio.com\/fr\/book-styliste-freelance-mission-collaboration\/marque-one-step-groupe-ikks\/one-step-femme-collection-printemps-ete-2019-1328\/\" class=\"rank-math-html-sitemap__link\">One Step femme collection printemps \u00e9t\u00e9 2019<\/a><\/li><li class=\"rank-math-html-sitemap__item\"><a href=\"https:\/\/www.alsofashiondesignstudio.com\/fr\/book-styliste-freelance-mission-collaboration\/marque-one-step-groupe-ikks\/one-step-femme-collection-printemps-ete-2020-1342\/\" class=\"rank-math-html-sitemap__link\">One Step femme collection printemps \u00e9t\u00e9 2020<\/a><\/li><li class=\"rank-math-html-sitemap__item\"><a href=\"https:\/\/www.alsofashiondesignstudio.com\/fr\/book-styliste-freelance-mission-collaboration\/marque-one-step-groupe-ikks\/one-step-femme-collection-printemps-ete-2021-1361\/\" class=\"rank-math-html-sitemap__link\">One Step femme collection printemps \u00e9t\u00e9 2021<\/a><\/li><li class=\"rank-math-html-sitemap__item\"><a href=\"https:\/\/www.alsofashiondesignstudio.com\/fr\/book-styliste-freelance-mission-collaboration\/marque-one-step-groupe-ikks\/one-step-femme-collection-printemps-ete-2022-1385\/\" class=\"rank-math-html-sitemap__link\">One Step femme collection printemps \u00e9t\u00e9 2022<\/a><\/li><li class=\"rank-math-html-sitemap__item\"><a href=\"https:\/\/www.alsofashiondesignstudio.com\/fr\/book-styliste-freelance-mission-collaboration\/marque-one-step-groupe-ikks\/one-step-femme-collection-printemps-ete-2023-754\/\" class=\"rank-math-html-sitemap__link\">One Step femme collection printemps \u00e9t\u00e9 2023<\/a><\/li><li class=\"rank-math-html-sitemap__item\"><a href=\"https:\/\/www.alsofashiondesignstudio.com\/fr\/book-styliste-freelance-mission-collaboration\/marque-one-step-groupe-ikks\/one-step-femme-collection-printemps-ete-2024-1091\/\" class=\"rank-math-html-sitemap__link\">One Step femme, collection printemps \u00e9t\u00e9 2024<\/a><\/li><li class=\"rank-math-html-sitemap__item\"><a href=\"https:\/\/www.alsofashiondesignstudio.com\/fr\/book-styliste-freelance-mission-collaboration\/marque-one-step-groupe-ikks\/marque-one-step-homme-groupe-zannier-750\/\" class=\"rank-math-html-sitemap__link\">One Step homme pour le Goupe Zannier<\/a><\/li><li class=\"rank-math-html-sitemap__item\"><a href=\"https:\/\/www.alsofashiondesignstudio.com\/fr\/book-styliste-freelance-mission-collaboration\/marque-one-step-groupe-ikks\/one-step-collection-femme-automne-hiver-2023-752\/\" class=\"rank-math-html-sitemap__link\">One Step, collection femme automne hiver 2023<\/a><\/li><li class=\"rank-math-html-sitemap__item\"><a href=\"https:\/\/www.alsofashiondesignstudio.com\/fr\/production-publication-developpement-interne-marque-label\/marque-haut-de-gamme-paradis-perdus-paradisperdus-s%c6%a8-ss\/marque-paradis-perdus-s%c6%a8-ss-un-manifeste-853\/\" class=\"rank-math-html-sitemap__link\">Paradis Perdus\u00ae, un manifeste<\/a><\/li><li class=\"rank-math-html-sitemap__item\"><a href=\"https:\/\/www.alsofashiondesignstudio.com\/fr\/book-styliste-freelance-mission-collaboration\/marque-stella-forest-paris-christel-boniface\/stella-forest-collection-femme-printemps-ete-2025-2058\/\" class=\"rank-math-html-sitemap__link\">Stella Forest, collection femme printemps \u00e9t\u00e9 2025<\/a><\/li><li class=\"rank-math-html-sitemap__item\"><a href=\"https:\/\/www.alsofashiondesignstudio.com\/fr\/expertise-style-design-marketing-mode\/marketer-expert-strategie-marketing-operationnel-818\/\" class=\"rank-math-html-sitemap__link\">Strat\u00e9gie marketing op\u00e9rationnel<\/a><\/li><li class=\"rank-math-html-sitemap__item\"><a href=\"https:\/\/www.alsofashiondesignstudio.com\/fr\/expertise-style-design-marketing-mode\/styliste-de-mode-design-creation-de-collection-cle-en-main-1150\/\" class=\"rank-math-html-sitemap__link\">Styliste de mode, design et cr\u00e9ation de collection \u00ab cl\u00e9 en main \u00bb<\/a><\/li><li class=\"rank-math-html-sitemap__item\"><a href=\"https:\/\/www.alsofashiondesignstudio.com\/fr\/expertise-style-design-marketing-mode\/styliste-freelance-designer-de-mode-independant-1152\/\" class=\"rank-math-html-sitemap__link\">Styliste freelance, designer de mode ind\u00e9pendant<\/a><\/li><li class=\"rank-math-html-sitemap__item\"><a href=\"https:\/\/www.alsofashiondesignstudio.com\/fr\/offre-demploi-freelance-stage\/offre-mission-styliste-freelance-591\/\" class=\"rank-math-html-sitemap__link\">Styliste freelance, offre de mission<\/a><\/li><li class=\"rank-math-html-sitemap__item\"><a href=\"https:\/\/www.alsofashiondesignstudio.com\/fr\/expertise-style-design-marketing-mode\/styliste-photo-shooting-campagnes-packshot-studio-produit-catalogue-eshop-796\/\" class=\"rank-math-html-sitemap__link\">Styliste photo pour le shooting de campagnes et packshot studio de produits catalogue et e-shop<\/a><\/li><li class=\"rank-math-html-sitemap__item\"><a href=\"https:\/\/www.alsofashiondesignstudio.com\/fr\/expertise-style-design-marketing-mode\/tendanceur-mode-expert-identification-definition-cahier-de-tendance-1144\/\" class=\"rank-math-html-sitemap__link\">Tendanceur mode expert en identification et d\u00e9finition de cahier de tendance<\/a><\/li><li class=\"rank-math-html-sitemap__item\"><a href=\"https:\/\/www.alsofashiondesignstudio.com\/fr\/book-styliste-freelance-mission-collaboration\/marque-un-jour-ailleurs-uja-amh-antonelle\/uja-un-jour-ailleurs-collection-femme-printemps-ete-2025-742\/\" class=\"rank-math-html-sitemap__link\">UJA Un Jour Ailleurs, collection femme printemps \u00e9t\u00e9 2025<\/a><\/li><\/ul><\/div><div class=\"rank-math-html-sitemap__section rank-math-html-sitemap__section--post-type rank-math-html-sitemap__section--page\"><h2 class=\"rank-math-html-sitemap__title\">Pages<\/h2><ul class=\"rank-math-html-sitemap__list\"><li class=\"rank-math-html-sitemap__item\"><a href=\"https:\/\/www.alsofashiondesignstudio.com\/fr\/aide-foire-aux-questions-frequentes-faq-bureau-de-style\/\" class=\"rank-math-html-sitemap__link\">Aide et foire aux questions fr\u00e9quentes \u00e0 propos de notre bureau de style<\/a><\/li><li class=\"rank-math-html-sitemap__item\"><a href=\"https:\/\/www.alsofashiondesignstudio.com\/fr\/\" class=\"rank-math-html-sitemap__link\">ALSO.Fashion Design Studio, Bureau de Style et de Tendance<\/a><\/li><li class=\"rank-math-html-sitemap__item\"><a href=\"https:\/\/www.alsofashiondesignstudio.com\/fr\/newsletter-email\/\" class=\"rank-math-html-sitemap__link\">La lettre de ALSO.Fashion<\/a><ul class=\"rank-math-html-sitemap__list\"><li class=\"rank-math-html-sitemap__item\"><a href=\"https:\/\/www.alsofashiondesignstudio.com\/fr\/newsletter-email\/inscription-desinscription-lettre-also-fashion\/\" class=\"rank-math-html-sitemap__link\">Inscription \/ d\u00e9sinscription de la lettre de ALSO Fashion<\/a><\/li><\/ul><\/li><li class=\"rank-math-html-sitemap__item\"><a href=\"https:\/\/www.alsofashiondesignstudio.com\/fr\/contact-bureau-de-style-freelance\/\" class=\"rank-math-html-sitemap__link\">Les informations utiles pour nous contacter<\/a><ul class=\"rank-math-html-sitemap__list\"><li class=\"rank-math-html-sitemap__item\"><a href=\"https:\/\/www.alsofashiondesignstudio.com\/fr\/contact-bureau-de-style-freelance\/demander-un-devis-estimatif\/\" class=\"rank-math-html-sitemap__link\">Demander un devis estimatif<\/a><\/li><li class=\"rank-math-html-sitemap__item\"><a href=\"https:\/\/www.alsofashiondesignstudio.com\/fr\/contact-bureau-de-style-freelance\/reserver-une-formation-mode-design-marketing-digital\/\" class=\"rank-math-html-sitemap__link\">R\u00e9server une formation ALSO.Fashion<\/a><\/li><\/ul><\/li><li class=\"rank-math-html-sitemap__item\"><a href=\"https:\/\/www.alsofashiondesignstudio.com\/fr\/lexique-mode-design\/\" class=\"rank-math-html-sitemap__link\">Lexique mode et design<\/a><\/li><li class=\"rank-math-html-sitemap__item\"><a href=\"https:\/\/www.alsofashiondesignstudio.com\/fr\/mentions-legales-utilisation-site\/\" class=\"rank-math-html-sitemap__link\">Mentions l\u00e9gales et conditions d\u2019utilisation du site<\/a><\/li><li class=\"rank-math-html-sitemap__item\"><a href=\"https:\/\/www.alsofashiondesignstudio.com\/fr\/presentation-studio-creation-design-maison\/\" class=\"rank-math-html-sitemap__link\">Notre studio de cr\u00e9ation, comme \u00e0 la maison<\/a><\/li><li class=\"rank-math-html-sitemap__item\"><a href=\"https:\/\/www.alsofashiondesignstudio.com\/fr\/plan-du-site-mode-design\/\" class=\"rank-math-html-sitemap__link\">Plan du site mode et design<\/a><\/li><li class=\"rank-math-html-sitemap__item\"><a href=\"https:\/\/www.alsofashiondesignstudio.com\/fr\/politique-de-confidentialite-site\/\" class=\"rank-math-html-sitemap__link\">Politique de confidentialit\u00e9 de notre site<\/a><\/li><li class=\"rank-math-html-sitemap__item\"><a href=\"https:\/\/www.alsofashiondesignstudio.com\/fr\/bureau-de-style-et-de-tendance\/\" class=\"rank-math-html-sitemap__link\">Un bureau de style expert pour la cr\u00e9ation, le d\u00e9veloppement, et le suivi de vos collections<\/a><ul class=\"rank-math-html-sitemap__list\"><li class=\"rank-math-html-sitemap__item\"><a href=\"https:\/\/www.alsofashiondesignstudio.com\/fr\/bureau-de-style-et-de-tendance\/direction-artistique-creative-collection-projet\/\" class=\"rank-math-html-sitemap__link\">Direction artistique et cr\u00e9ative de projets et collections<\/a><\/li><li class=\"rank-math-html-sitemap__item\"><a href=\"https:\/\/www.alsofashiondesignstudio.com\/fr\/bureau-de-style-et-de-tendance\/stylisme-design-mode-developpement-industriel-produit\/\" class=\"rank-math-html-sitemap__link\">Du stylisme et design de produit, au d\u00e9veloppement industriel<\/a><\/li><li class=\"rank-math-html-sitemap__item\"><a href=\"https:\/\/www.alsofashiondesignstudio.com\/fr\/bureau-de-style-et-de-tendance\/formation-pro-mode-presentation-vente\/\" class=\"rank-math-html-sitemap__link\">Formation des professionnels de mode \u00e0 la pr\u00e9sentation pour la vente<\/a><\/li><li class=\"rank-math-html-sitemap__item\"><a href=\"https:\/\/www.alsofashiondesignstudio.com\/fr\/bureau-de-style-et-de-tendance\/creation-de-marque-design-strategie\/\" class=\"rank-math-html-sitemap__link\">La cr\u00e9ation de marque, du design graphique \u00e0 son positionnement et sa strat\u00e9gie<\/a><\/li><li class=\"rank-math-html-sitemap__item\"><a href=\"https:\/\/www.alsofashiondesignstudio.com\/fr\/bureau-de-style-et-de-tendance\/analyse-strategie-marketing-operationnelle\/\" class=\"rank-math-html-sitemap__link\">Marketing analytique, strat\u00e9gique, et op\u00e9rationnel<\/a><\/li><li class=\"rank-math-html-sitemap__item\"><a href=\"https:\/\/www.alsofashiondesignstudio.com\/fr\/bureau-de-style-et-de-tendance\/prospective-veille-des-tendances-mode-style\/\" class=\"rank-math-html-sitemap__link\">Prospective, veille des tendances, et conseil de style<\/a><\/li><\/ul><\/li><li class=\"rank-math-html-sitemap__item\"><a href=\"https:\/\/www.alsofashiondesignstudio.com\/fr\/une-equipe-de-talents-confirmes\/\" class=\"rank-math-html-sitemap__link\">Une \u00e9quipe de talents confirm\u00e9s<\/a><ul class=\"rank-math-html-sitemap__list\"><li class=\"rank-math-html-sitemap__item\"><a href=\"https:\/\/www.alsofashiondesignstudio.com\/fr\/une-equipe-de-talents-confirmes\/agrement-credit-impot-recherche-cir\/\" class=\"rank-math-html-sitemap__link\">Agr\u00e9ment cr\u00e9dit imp\u00f4t recherche CIR<\/a><\/li><li class=\"rank-math-html-sitemap__item\"><a href=\"https:\/\/www.alsofashiondesignstudio.com\/fr\/une-equipe-de-talents-confirmes\/designer-styliste-de-mode\/\" class=\"rank-math-html-sitemap__link\">Designer Styliste de mode<\/a><\/li><li class=\"rank-math-html-sitemap__item\"><a href=\"https:\/\/www.alsofashiondesignstudio.com\/fr\/une-equipe-de-talents-confirmes\/sebastien-hubert-styliste-de-mode-directeur-artistique-senior\/\" class=\"rank-math-html-sitemap__link\">S\u00e9bastien HUBERT, Styliste de mode, Directeur artistique et cr\u00e9atif s\u00e9nior<\/a><\/li><li class=\"rank-math-html-sitemap__item\"><a href=\"https:\/\/www.alsofashiondesignstudio.com\/fr\/une-equipe-de-talents-confirmes\/sylvain-ferre-styliste-designer-directeur-artistique-senior\/\" class=\"rank-math-html-sitemap__link\">Sylvain FERR\u00c9 : Designer, Directeur Artistique s\u00e9nior<\/a><\/li><li class=\"rank-math-html-sitemap__item\"><a href=\"https:\/\/www.alsofashiondesignstudio.com\/fr\/une-equipe-de-talents-confirmes\/grille-tarif-indicatif-delai-realisation\/\" class=\"rank-math-html-sitemap__link\">Tarifs indicatifs et d\u00e9lais de r\u00e9alisation<\/a><\/li><\/ul><\/li><\/ul><\/div><div class=\"rank-math-html-sitemap__section rank-math-html-sitemap__section--taxonomy rank-math-html-sitemap__section--category\"><h2 class=\"rank-math-html-sitemap__title\">Cat\u00e9gories<\/h2><ul class=\"rank-math-html-sitemap__list\"><li class=\"rank-math-html-sitemap__item\"><a href=\"https:\/\/www.alsofashiondesignstudio.com\/fr\/book-styliste-freelance-mission-collaboration\/\" class=\"rank-math-html-sitemap__link\">Book de nos collaborations et missions de styliste freelance<\/a><ul class=\"rank-math-html-sitemap__list\"><li class=\"rank-math-html-sitemap__item\"><a href=\"https:\/\/www.alsofashiondesignstudio.com\/fr\/book-styliste-freelance-mission-collaboration\/archive-projets-client-auparavant\/\" class=\"rank-math-html-sitemap__link\">Archives de nos projets clients r\u00e9alis\u00e9s auparavant<\/a><\/li><li class=\"rank-math-html-sitemap__item\"><a href=\"https:\/\/www.alsofashiondesignstudio.com\/fr\/book-styliste-freelance-mission-collaboration\/marque-armor-lux-heritage-terre-et-mer-bonneterie-darmor\/\" class=\"rank-math-html-sitemap__link\">Armor Lux, H\u00e9ritage, et Terre &amp; Mer pour La Bonneterie d\u2019Armor<\/a><\/li><li class=\"rank-math-html-sitemap__item\"><a href=\"https:\/\/www.alsofashiondesignstudio.com\/fr\/book-styliste-freelance-mission-collaboration\/marque-kookai-amh-antonelle\/\" class=\"rank-math-html-sitemap__link\">Kooka\u00ef (Kookai) pour AMH Antonelle<\/a><\/li><li class=\"rank-math-html-sitemap__item\"><a href=\"https:\/\/www.alsofashiondesignstudio.com\/fr\/book-styliste-freelance-mission-collaboration\/marque-one-step-groupe-ikks\/\" class=\"rank-math-html-sitemap__link\">One Step pour IKKS Group<\/a><\/li><li class=\"rank-math-html-sitemap__item\"><a href=\"https:\/\/www.alsofashiondesignstudio.com\/fr\/book-styliste-freelance-mission-collaboration\/marque-stella-forest-paris-christel-boniface\/\" class=\"rank-math-html-sitemap__link\">Stella Forest par Christel Boniface<\/a><\/li><li class=\"rank-math-html-sitemap__item\"><a href=\"https:\/\/www.alsofashiondesignstudio.com\/fr\/book-styliste-freelance-mission-collaboration\/marque-un-jour-ailleurs-uja-amh-antonelle\/\" class=\"rank-math-html-sitemap__link\">Un Jour Ailleurs (UJA) pour AMH Antonelle<\/a><\/li><\/ul><\/li><li class=\"rank-math-html-sitemap__item\"><a href=\"https:\/\/www.alsofashiondesignstudio.com\/fr\/production-publication-developpement-interne-marque-label\/\" class=\"rank-math-html-sitemap__link\">Nos productions, publications, et d\u00e9veloppements internes de marques et labels<\/a><ul class=\"rank-math-html-sitemap__list\"><li class=\"rank-math-html-sitemap__item\"><a href=\"https:\/\/www.alsofashiondesignstudio.com\/fr\/production-publication-developpement-interne-marque-label\/publication-bureau-de-style-tendance\/\" class=\"rank-math-html-sitemap__link\">Les publications de notre bureau de style et de tendance<\/a><\/li><li class=\"rank-math-html-sitemap__item\"><a href=\"https:\/\/www.alsofashiondesignstudio.com\/fr\/production-publication-developpement-interne-marque-label\/marque-haut-de-gamme-paradis-perdus-paradisperdus-s%c6%a8-ss\/\" class=\"rank-math-html-sitemap__link\">Notre marque haut de gamme S\u01a7 Paradis Perdus\u00ae<\/a><\/li><li class=\"rank-math-html-sitemap__item\"><a href=\"https:\/\/www.alsofashiondesignstudio.com\/fr\/production-publication-developpement-interne-marque-label\/marque-premium-luxe-iamsh-i-am-sh\/\" class=\"rank-math-html-sitemap__link\">Notre marque premium luxe I am SH\u00ae<\/a><\/li><\/ul><\/li><li class=\"rank-math-html-sitemap__item\"><a href=\"https:\/\/www.alsofashiondesignstudio.com\/fr\/expertise-style-design-marketing-mode\/\" class=\"rank-math-html-sitemap__link\">Notre expertise style design et nos comp\u00e9tences en marketing de mode<\/a><\/li><li class=\"rank-math-html-sitemap__item\"><a href=\"https:\/\/www.alsofashiondesignstudio.com\/fr\/offre-demploi-freelance-stage\/\" class=\"rank-math-html-sitemap__link\">Opportunit\u00e9s de mission freelance, d&#039;offre d&#039;emploi, de stage, et de collaboration<\/a><\/li><\/ul><\/div><\/div>\n","protected":false},"excerpt":{"rendered":"<p>Le plan du site c&rsquo;est tous nos articles, toutes les pages, toutes les cat\u00e9gories\u00a0mode et design\u00a0de notre site sur une&#8230;<\/p>\n","protected":false},"author":1,"featured_media":0,"parent":0,"menu_order":47,"comment_status":"closed","ping_status":"closed","template":"","meta":{"footnotes":""},"class_list":["post-218","page","type-page","status-publish","hentry"],"jetpack_sharing_enabled":true,"amp_enabled":true,"_links":{"self":[{"href":"https:\/\/www.alsofashiondesignstudio.com\/fr\/wp-json\/wp\/v2\/pages\/218","targetHints":{"allow":["GET"]}}],"collection":[{"href":"https:\/\/www.alsofashiondesignstudio.com\/fr\/wp-json\/wp\/v2\/pages"}],"about":[{"href":"https:\/\/www.alsofashiondesignstudio.com\/fr\/wp-json\/wp\/v2\/types\/page"}],"author":[{"embeddable":true,"href":"https:\/\/www.alsofashiondesignstudio.com\/fr\/wp-json\/wp\/v2\/users\/1"}],"replies":[{"embeddable":true,"href":"https:\/\/www.alsofashiondesignstudio.com\/fr\/wp-json\/wp\/v2\/comments?post=218"}],"version-history":[{"count":6,"href":"https:\/\/www.alsofashiondesignstudio.com\/fr\/wp-json\/wp\/v2\/pages\/218\/revisions"}],"predecessor-version":[{"id":890,"href":"https:\/\/www.alsofashiondesignstudio.com\/fr\/wp-json\/wp\/v2\/pages\/218\/revisions\/890"}],"wp:attachment":[{"href":"https:\/\/www.alsofashiondesignstudio.com\/fr\/wp-json\/wp\/v2\/media?parent=218"}],"curies":[{"name":"wp","href":"https:\/\/api.w.org\/{rel}","templated":true}]}}