{"id":23,"date":"2023-01-01T00:00:09","date_gmt":"2022-12-31T23:00:09","guid":{"rendered":"https:\/\/www.alsofashiondesignstudio.com\/?page_id=23"},"modified":"2024-04-12T02:28:04","modified_gmt":"2024-04-12T00:28:04","slug":"politique-de-confidentialite-site","status":"publish","type":"page","link":"https:\/\/www.alsofashiondesignstudio.com\/fr\/politique-de-confidentialite-site\/","title":{"rendered":"Politique de confidentialit\u00e9 de notre site"},"content":{"rendered":"<p><strong>La soci\u00e9t\u00e9 ALSO Fashion SAS, soucieuse des droits des individus, notamment au regard des traitements automatis\u00e9s et dans une volont\u00e9 de transparence avec son public, a mis en place une politique reprenant l\u2019ensemble de ces traitements, des finalit\u00e9s poursuivies par ces derniers ainsi que des moyens d\u2019actions \u00e0 la disposition des individus afin qu\u2019ils puissent au mieux exercer leurs droits. La version actuellement en ligne de notre politique de confidentialit\u00e9 est la seule opposable pendant toute la dur\u00e9e d\u2019utilisation du site et jusqu\u2019\u00e0 ce qu\u2019une nouvelle version la remplace.<\/strong><\/p>\r\n<hr \/>\r\n<p><em>Cette politique de confidentialit\u00e9 peut \u00eatre modifi\u00e9e \u00e0 l\u2019occasion afin de maintenir sa conformit\u00e9 avec la loi et de tenir compte de tout changement \u00e0 notre processus de collecte de donn\u00e9es. Nous recommandons \u00e0 nos utilisateurs de v\u00e9rifier notre politique de temps \u00e0 autre pour s\u2019assurer d&rsquo;\u00eatre inform\u00e9s de toute mise \u00e0 jour. Au besoin les utilisateurs en ayant fait <a href=\"https:\/\/www.alsofashiondesignstudio.com\/fr\/newsletter-email\/inscription-desinscription-lettre-also-fashion\/\">la demande<\/a> pourront \u00eatre inform\u00e9s par e-mail des changements majeurs apport\u00e9s \u00e0 notre politique.<\/em><\/p>\r\n<p>Version du 1<sup>er<\/sup> janvier 2023<\/p>\r\n<hr \/>\r\n<h2>Notre site Internet<\/h2>\r\n<h3>Le type de site<\/h3>\r\n<p><strong>Ci-apr\u00e8s d\u00e9nomm\u00e9 \u00ab le site \u00bb<\/strong>, ALSO.Fashion Design Studio r\u00e9pondant au nom de domaine\u00a0<a href=\"https:\/\/www.alsofashiondesignstudio.com\/\">alsofashiondesignstudio.com<\/a>, peut-\u00eatre defini comme un site d&rsquo;entreprise, une vitrine sur ses activit\u00e9s compl\u00e9t\u00e9 par une fonctionnalit\u00e9 de publication de billets de blog ainsi qu&rsquo;un portfolio de pr\u00e9sentation de ses r\u00e9alisations.<\/p>\r\n<h3>L\u2019\u00e9diteur du site<\/h3>\r\n<p><strong>Ci-apr\u00e8s d\u00e9nomm\u00e9 \u00ab l\u2019\u00e9diteur \u00bb<\/strong>, la soci\u00e9t\u00e9 ALSO Fashion SAS, Soci\u00e9t\u00e9 par Actions Simplifi\u00e9e (S.A.S.) au capital de 1 500 \u20ac, repr\u00e9sent\u00e9e par Monsieur FERR\u00c9 Sylvain en sa qualit\u00e9 de Pr\u00e9sident, immatricul\u00e9e au RCS d\u2019ANGERS sous le num\u00e9ro SIREN 799990387. Pour plus de d\u00e9tails nous vous invitons \u00e0 consulter <a href=\"https:\/\/www.alsofashiondesignstudio.com\/fr\/mentions-legales-utilisation-site\/\">nos mentions l\u00e9gales et conditions d&rsquo;utilisation<\/a>.<\/p>\r\n<h2>Pourquoi une politique de confidentialit\u00e9 ?<\/h2>\r\n<p><strong>Notre politique de confidentialit\u00e9 \u00e0 pour but d\u2019informer les utilisateurs de notre site<\/strong> des donn\u00e9es personnelles que nous recueillerons ainsi que les informations suivantes, le cas \u00e9ch\u00e9ant :<\/p>\r\n<ul>\r\n<li>Les donn\u00e9es personnelles que nous recueillerons ;<\/li>\r\n<li>L\u2019utilisation des donn\u00e9es qui sont recueillies ;<\/li>\r\n<li>Qui a acc\u00e8s aux donn\u00e9es qui sont recueillies ;<\/li>\r\n<li>Les droits de tout utilisateur de notre site ;<\/li>\r\n<li>Notre politique d&rsquo;usage des cookies ;<\/li>\r\n<li>Cette politique de confidentialit\u00e9 fonctionne parall\u00e8lement aux <a href=\"https:\/\/www.alsofashiondesignstudio.com\/fr\/mentions-legales-utilisation-site\/\">mentions l\u00e9gales et conditions d\u2019utilisation<\/a> de notre site.<\/li>\r\n<\/ul>\r\n<h2>Que dit le R\u00e8glement G\u00e9n\u00e9ral sur la Protection des Donn\u00e9es ?<\/h2>\r\n<h3>Conform\u00e9ment au R\u00e8glement G\u00e9n\u00e9ral sur la Protection des Donn\u00e9es (R.G.P.D.), notre politique de confidentialit\u00e9 est conforme aux r\u00e8glements suivants.<\/h3>\r\n<p><strong>Les donn\u00e9es \u00e0 caract\u00e8re personnel collect\u00e9es doivent \u00eatre :<\/strong><\/p>\r\n<ul>\r\n<li>Trait\u00e9es de mani\u00e8re licite, loyale et transparente au regard de la personne concern\u00e9e ;<\/li>\r\n<li>Collect\u00e9es pour des finalit\u00e9s d\u00e9termin\u00e9es, explicites et l\u00e9gitimes, et ne pas \u00eatre trait\u00e9es ult\u00e9rieurement d\u2019une mani\u00e8re incompatible avec ces finalit\u00e9s ;\u00a0<\/li>\r\n<li>Ad\u00e9quates, pertinentes et limit\u00e9es \u00e0 ce qui est n\u00e9cessaire au regard des finalit\u00e9s pour lesquelles elles sont trait\u00e9es ;<\/li>\r\n<li>Exactes et, si n\u00e9cessaire, tenues \u00e0 jour ;<\/li>\r\n<li>Conserv\u00e9es sous une forme permettant l\u2019identification des personnes concern\u00e9es pendant une dur\u00e9e n\u2019exc\u00e9dant pas celle n\u00e9cessaire au regard des finalit\u00e9s pour lesquelles elles sont trait\u00e9es ;<\/li>\r\n<li>Trait\u00e9es de fa\u00e7on \u00e0 garantir une s\u00e9curit\u00e9 appropri\u00e9e des donn\u00e9es \u00e0 caract\u00e8re personnel.<\/li>\r\n<\/ul>\r\n<p><strong>Le traitement n\u2019est licite que si au moins une des conditions suivantes est remplie :<\/strong><\/p>\r\n<ul>\r\n<li>La personne concern\u00e9e a consenti au traitement de ses donn\u00e9es \u00e0 caract\u00e8re personnel pour une ou plusieurs finalit\u00e9s sp\u00e9cifiques ;<\/li>\r\n<li>Le traitement est n\u00e9cessaire \u00e0 l\u2019ex\u00e9cution d\u2019un contrat auquel la personne concern\u00e9e est partie ou \u00e0 l\u2019ex\u00e9cution de mesures pr\u00e9contractuelles prises \u00e0 la demande de celle-ci ;<\/li>\r\n<li>Le traitement est n\u00e9cessaire au respect d\u2019une obligation l\u00e9gale \u00e0 laquelle le responsable du traitement est soumis ;<\/li>\r\n<li>Le traitement est n\u00e9cessaire \u00e0 la sauvegarde des int\u00e9r\u00eats vitaux de la personne concern\u00e9e ou d\u2019une autre personne physique ;<\/li>\r\n<li>Le traitement est n\u00e9cessaire \u00e0 l\u2019ex\u00e9cution d\u2019une mission d\u2019int\u00e9r\u00eat public ou relevant de l\u2019exercice de l\u2019autorit\u00e9 publique dont est investi le responsable du traitement ;<\/li>\r\n<li>Le traitement est n\u00e9cessaire aux fins des int\u00e9r\u00eats l\u00e9gitimes poursuivis par le responsable du traitement ou par un tiers, \u00e0 moins que ne pr\u00e9valent les int\u00e9r\u00eats ou les libert\u00e9s et droits fondamentaux de la personne concern\u00e9e qui exigent une protection des donn\u00e9es \u00e0 caract\u00e8re personnel, notamment lorsque la personne concern\u00e9e est un enfant.<\/li>\r\n<\/ul>\r\n<h2>Votre consentement<\/h2>\r\n<p><strong>En tant qu&rsquo;utilisateur vous acceptez qu\u2019en utilisant notre site, vous consentez :<\/strong><\/p>\r\n<ul>\r\n<li>Aux conditions \u00e9nonc\u00e9es dans nos <a href=\"https:\/\/www.alsofashiondesignstudio.com\/fr\/mentions-legales-utilisation-site\/\">mentions l\u00e9gale et conditions d&rsquo;utilisation<\/a> et la collecte, l\u2019utilisation et la conservation des donn\u00e9es \u00e9num\u00e9r\u00e9es dans la pr\u00e9sente ;<\/li>\r\n<li>Aux donn\u00e9es personnelles que nous collectons ;<\/li>\r\n<li>Aux donn\u00e9es collect\u00e9es automatiquement.<\/li>\r\n<\/ul>\r\n<p><strong>Lorsque vous visitez et utilisez notre site, nous pouvons automatiquement recueillir et conserver les renseignements et donn\u00e9es recueillies de fa\u00e7on non automatique.\u00a0Nous pouvons \u00e9galement collecter certaines donn\u00e9es lorsque vous utilisez certaines fonctionnalit\u00e9s sur notre site.\u00a0Ces donn\u00e9es peuvent \u00eatre recueillies au moyen des m\u00e9thodes suivantes :<\/strong><\/p>\r\n<ul>\r\n<li>Les liens cliqu\u00e9s lors de votre navigation ;<\/li>\r\n<li>L&rsquo;utilisation des formulaires, dont le moteur de recherche de notre site ;<\/li>\r\n<li>La fonctionnalit\u00e9 de messagerie instantan\u00e9e ;<\/li>\r\n<li>les fonctionnalit\u00e9s de partage de liens sortant de notre site.<\/li>\r\n<\/ul>\r\n<p><strong>Veuillez noter que nous ne collectons que les donn\u00e9es qui nous aident \u00e0 atteindre l\u2019objectif \u00e9nonc\u00e9 dans cette politique de confidentialit\u00e9. Nous ne recueillerons pas de donn\u00e9es suppl\u00e9mentaires sans vous en informer au pr\u00e9alable.<\/strong><\/p>\r\n<h3>Commentaires laiss\u00e9s sur le site<\/h3>\r\n<p><!-- \/wp:post-content -->\r\n\r\n<!-- wp:paragraph --><\/p>\r\n<p><strong>Quand vous laissez un commentaire sur notre site<\/strong>, les donn\u00e9es inscrites dans le formulaire de commentaire, ainsi que votre adresse IP et votre type de navigateur Internet sont collect\u00e9s pour nous aider \u00e0 la d\u00e9tection des commentaires ind\u00e9sirables.\u00a0Une cha\u00eene anonymis\u00e9e cr\u00e9\u00e9e \u00e0 partir de votre adresse e-mail (\u00e9galement appel\u00e9e HASH) peut \u00eatre envoy\u00e9e au service <a href=\"http:\/\/www.gravatar.com\" rel=\"nofollow noopener\">GRAVATAR<\/a> pour v\u00e9rifier si vous utilisez ce dernier. Apr\u00e8s validation de votre commentaire, votre photo de profil sera visible publiquement \u00e0 cot\u00e9 de votre commentaire.<\/p>\r\n<p><strong>Si vous laissez un commentaire, le commentaire et ses m\u00e9tadonn\u00e9es sont conserv\u00e9s ind\u00e9finiment.<\/strong> Cela permet de reconna\u00eetre et approuver automatiquement les commentaires suivants au lieu de les laisser dans la file de mod\u00e9ration.\u00a0<strong>Les commentaires des visiteurs peuvent \u00eatre v\u00e9rifi\u00e9s \u00e0 l\u2019aide d\u2019un service automatis\u00e9 de d\u00e9tection des commentaires ind\u00e9sirables.<\/strong><\/p>\r\n<h3>Inscription sur le site<\/h3>\r\n<p><!-- \/wp:paragraph -->\r\n\r\n<!-- wp:paragraph --><\/p>\r\n<p><strong>Pour les comptes qui s\u2019inscrivent sur notre site (le cas \u00e9ch\u00e9ant)<\/strong>, nous stockons \u00e9galement les donn\u00e9es personnelles indiqu\u00e9es dans leur profil. Tous les comptes peuvent voir, modifier ou supprimer leurs informations personnelles \u00e0 tout moment (\u00e0 l\u2019exception de leur identifiant). Les personnes en charge de la gestion du site peuvent aussi voir et modifier ces informations sur demande motiv\u00e9e.<\/p>\r\n<p><!-- \/wp:paragraph -->\r\n\r\n<!-- wp:paragraph --><\/p>\r\n<h2>Comment utilisons-nous vos donn\u00e9es personnelles ?<\/h2>\r\n<p>Les donn\u00e9es personnelles recueillies sur notre site seront utilis\u00e9es uniquement aux fins pr\u00e9cis\u00e9es dans la pr\u00e9sente politique ou comme indiqu\u00e9es dans nos <a href=\"https:\/\/www.alsofashiondesignstudio.com\/fr\/mentions-legales-utilisation-site\/\">mentions l\u00e9gales et conditions d&rsquo;utilisation<\/a>. Nous n\u2019utiliserons pas vos donn\u00e9es au-del\u00e0 de ce pourquoi nous les collectons.<\/p>\r\n<p><strong>Les informations personnelles pouvant \u00eatre recueillies sur le site sont principalement utilis\u00e9es pour la gestion des relations avec vous, et le cas \u00e9ch\u00e9ant pour le traitement de vos demandes.<\/strong><\/p>\r\n<p>Les donn\u00e9es personnelles collect\u00e9es aupr\u00e8s des utilisateurs ont pour objectif la mise \u00e0 disposition des services du site, leur am\u00e9lioration et le maintien d\u2019un environnement s\u00e9curis\u00e9. La base l\u00e9gale des traitements est l\u2019ex\u00e9cution du contrat entre l\u2019utilisateur et le site. Plus pr\u00e9cis\u00e9ment, les utilisations sont les suivantes :<\/p>\r\n<ul>\r\n<li>Acc\u00e8s et utilisation du site par l\u2019utilisateur ;<\/li>\r\n<li>Gestion du fonctionnement et optimisation du site ;<\/li>\r\n<li>Mise en \u0153uvre d\u2019une assistance utilisateurs ;<\/li>\r\n<li>V\u00e9rification, identification et authentification des donn\u00e9es transmises par l\u2019utilisateur ;<\/li>\r\n<li>Personnalisation des services en affichant des contenus sp\u00e9cifiques en fonction de l\u2019historique de navigation de l\u2019utilisateur, selon ses pr\u00e9f\u00e9rences ;<\/li>\r\n<li>Pr\u00e9vention et d\u00e9tection des fraudes, logiciels malveillants (malwares ou malicious softwares), et gestion des incidents de s\u00e9curit\u00e9 ;<\/li>\r\n<li>Gestion des \u00e9ventuels litiges avec les utilisateurs ;<\/li>\r\n<li>Envoi d\u2019informations commerciales et publicitaires, en fonction des pr\u00e9f\u00e9rences de l\u2019utilisateur ;<\/li>\r\n<li>Organisation des conditions d\u2019utilisation avanc\u00e9es comme des services de paiement.<\/li>\r\n<\/ul>\r\n<h2>Avec qui partageons-nous vos donn\u00e9es personnelles ?<\/h2>\r\n<h3>Nos employ\u00e9s<\/h3>\r\n<p><strong>Nous pouvons divulguer \u00e0 tout membre de notre organisation les donn\u00e9es utilisateur dont il a raisonnablement besoin pour r\u00e9aliser les objectifs \u00e9nonc\u00e9s dans la pr\u00e9sente politique.<\/strong><\/p>\r\n<h3>Tierces parties<\/h3>\r\n<p><strong>Vos donn\u00e9es ne sont pas susceptibles d\u2019\u00eatre utilis\u00e9es par des tiers \u00e0 des fins de prospection commerciale.<\/strong> Les tiers ne seront pas en mesure d\u2019acc\u00e9der aux donn\u00e9es des utilisateurs au-del\u00e0 de ce qui est raisonnablement n\u00e9cessaire pour atteindre l\u2019objectif donn\u00e9.<\/p>\r\n<h3>Autres utilisations<\/h3>\r\n<p><strong>Nous nous engageons \u00e0 ne pas vendre ou partager vos donn\u00e9es avec des tiers, sauf dans les cas suivants :<\/strong><\/p>\r\n<ol>\r\n<li>Si la loi l\u2019exige.<\/li>\r\n<li>Si une donn\u00e9e est requise pour toute proc\u00e9dure judiciaire pour prouver ou prot\u00e9ger nos droits l\u00e9gaux.<\/li>\r\n<li>A de potentiels acheteurs de cette soci\u00e9t\u00e9 dans le cas o\u00f9 nous chercherions \u00e0 la vendre.<\/li>\r\n<li>Si vous suivez un lien de notre site pointant vers un autre site, veuillez noter que l&rsquo;\u00e9diteur n&rsquo;est pas responsable, et n&rsquo;a pas de contr\u00f4le sur la politique de confidentialit\u00e9 de cet autre site.<\/li>\r\n<\/ol>\r\n<h2>Dur\u00e9e de stockage de vos donn\u00e9es personnelles<\/h2>\r\n<p>Nous ne conservons pas les donn\u00e9es des utilisateurs au-del\u00e0 de ce qui est n\u00e9cessaire pour atteindre les fins pour lesquelles elles sont recueillies.<\/p>\r\n<h2>Protection de vos donn\u00e9es personnelles<\/h2>\r\n<p><strong>Nous prenons toutes les pr\u00e9cautions raisonnables pour nous assurer que nos donn\u00e9es d\u2019utilisateur sont s\u00e9curis\u00e9es et que les utilisateurs sont prot\u00e9g\u00e9s,<\/strong> toutefois, il reste toujours du risque de pr\u00e9judice. L\u2019Internet en sa totalit\u00e9 peut \u00eatre, parfois, peu s\u00fbr et donc nous sommes incapables de garantir la s\u00e9curit\u00e9 des donn\u00e9es des utilisateurs au-del\u00e0 de ce qui est raisonnablement pratique.<\/p>\r\n<h2>Utilisateurs mineurs<\/h2>\r\n<p><strong>Le RGPD pr\u00e9cise que les personnes de moins de 15 ans sont consid\u00e9r\u00e9es comme des mineurs aux fins de la collecte de donn\u00e9es.<\/strong> Les mineurs doivent avoir le consentement d\u2019un repr\u00e9sentant l\u00e9gal pour que leurs donn\u00e9es soient recueillies, trait\u00e9es et utilis\u00e9es. L&rsquo;\u00e9diteur consid\u00e8re que l&rsquo;usage du site par un utilisateur mineur aux yeux du RGPD se fait apr\u00e8s consentement d&rsquo;un rep\u00e9sentant l\u00e9gal.<\/p>\r\n<h2>Vos droits en tant qu\u2019utilisateur<\/h2>\r\n<p><strong>En vertu du RGPD, les utilisateurs ont les droits suivants en tant que personnes concern\u00e9es :<\/strong><\/p>\r\n<ul>\r\n<li>Droit d\u2019acc\u00e8s;<\/li>\r\n<li>Droit de rectification; Droit \u00e0 l\u2019effacement;\u00a0<\/li>\r\n<li>Droit de restreindre le traitement;<\/li>\r\n<li>Droit \u00e0 la portabilit\u00e9 des donn\u00e9es;\u00a0<\/li>\r\n<li>Droit d\u2019objection.<\/li>\r\n<\/ul>\r\n<p>Vous trouverez de plus amples informations sur vos droits au chapitre 3 (art 12-23) du <a href=\"https:\/\/www.cnil.fr\/fr\/reglement-europeen-protection-donnees\" rel=\"nofollow noopener\">RGPD<\/a>.<br \/>Une synth\u00e8se de cet aspect est consultable dans les <a href=\"https:\/\/www.alsofashiondesignstudio.com\/fr\/mentions-legales-utilisation-site\/\">mentions l\u00e9gales et conditions d\u2019utilisation<\/a> de notre site.<\/p>\r\n<h3>Comment modifier, supprimer ou contester les donn\u00e9es recueillies ?<\/h3>\r\n<p><strong>Si vous avez un compte ou si vous avez laiss\u00e9 des commentaires sur le site, vous pouvez demander \u00e0 recevoir un fichier contenant toutes les donn\u00e9es personnelles que nous poss\u00e9dons \u00e0 votre sujet<\/strong>, incluant celles que vous nous avez fournies. Vous pouvez \u00e9galement demander la suppression des donn\u00e9es personnelles vous concernant. Cela ne prend pas en compte les donn\u00e9es stock\u00e9es \u00e0 des fins administratives, l\u00e9gales ou pour des raisons de s\u00e9curit\u00e9.\u00a0Si vous souhaitez que vos donn\u00e9es soient supprim\u00e9es ou modifi\u00e9es d\u2019une fa\u00e7on ou d\u2019une autre ? Veuillez <a href=\"https:\/\/www.alsofashiondesignstudio.com\/fr\/contact-bureau-de-style-freelance\/\">nous contacter<\/a>.<\/p>\r\n<h2>Utilisation des cookies<\/h2>\r\n<p>Un \u00ab Cookie \u00bb est un traceur sous la forme d\u2019un fichier informatique d\u00e9pos\u00e9 sur un terminal (ordinateur, tablette, smartphone\u2026) et lu par exemple lors de la consultation d\u2019un site internet, de la lecture d\u2019un courrier \u00e9lectronique, de l\u2019installation ou de l\u2019utilisation d\u2019un logiciel ou d\u2019une application mobile et ce, quel que soit le type de terminal utilis\u00e9.<a href=\"https:\/\/www.cnil.fr\/fr\/cookies-traceurs-que-dit-la-loi\" rel=\"nofollow noopener\"><cite>https:\/\/www.cnil.fr\/fr\/cookies-traceurs-que-dit-la-loi<\/cite><\/a><\/p>\r\n<h3>Cookies fonctionnels requis pour le bon fonctionnement de notre site<\/h3>\r\n<p><!-- \/wp:paragraph -->\r\n\r\n<!-- wp:paragraph --><\/p>\r\n<p><strong>Si vous d\u00e9posez un commentaire sur notre site, il vous sera propos\u00e9 d\u2019enregistrer votre nom, adresse e-mail et site dans des cookies.<\/strong> C\u2019est uniquement pour votre confort afin de ne pas avoir \u00e0 saisir ces informations si vous d\u00e9posez un autre commentaire plus tard. Ces cookies expirent au bout d\u2019un an.<\/p>\r\n<p><!-- \/wp:paragraph -->\r\n\r\n<!-- wp:paragraph --><\/p>\r\n<p><strong>Si vous vous rendez sur la page de connexion, un cookie temporaire sera cr\u00e9\u00e9 afin de d\u00e9terminer si votre navigateur accepte les cookies.<\/strong> Il ne contient pas de donn\u00e9es personnelles et sera supprim\u00e9 automatiquement \u00e0 la fermeture de votre navigateur.<\/p>\r\n<p><!-- \/wp:paragraph -->\r\n\r\n<!-- wp:paragraph --><\/p>\r\n<p><strong>Lorsque vous vous connecterez, nous mettrons en place un certain nombre de cookies pour enregistrer vos informations de connexion et vos pr\u00e9f\u00e9rences d\u2019\u00e9cran.<\/strong> La dur\u00e9e de vie d\u2019un cookie de connexion est de deux jours, celle d\u2019un cookie d\u2019option d\u2019\u00e9cran est d\u2019un an. Si vous cochez \u00ab Se souvenir de moi \u00bb, votre cookie de connexion sera conserv\u00e9 pendant deux semaines. Si vous vous d\u00e9connectez de votre compte, le cookie de connexion sera effac\u00e9. <strong>Si vous demandez une r\u00e9initialisation de votre mot de passe<\/strong>, votre adresse IP sera incluse dans l\u2019e-mail de r\u00e9initialisation.<\/p>\r\n<p><!-- \/wp:paragraph -->\r\n\r\n<!-- wp:paragraph --><\/p>\r\n<p><strong>En modifiant ou en publiant une publication, un cookie suppl\u00e9mentaire sera enregistr\u00e9 dans votre navigateur.<\/strong> Ce cookie ne comprend aucune donn\u00e9e personnelle. Il indique simplement l\u2019ID de la publication que vous venez de modifier. Il expire au bout d\u2019un jour.<\/p>\r\n<h3>Utilisations de contenus int\u00e9gr\u00e9s depuis d\u2019autres sites<\/h3>\r\n<p><!-- \/wp:paragraph -->\r\n\r\n<!-- wp:paragraph --><\/p>\r\n<p><strong>Les pages de ce site peuvent inclure des contenus int\u00e9gr\u00e9s (vid\u00e9os, images, articles, cartes\u2026).<\/strong> Le contenu int\u00e9gr\u00e9 depuis d\u2019autres sites se comporte de la m\u00eame mani\u00e8re que si le visiteur se rendait sur cet autre site. Ces sites web peuvent collecter des donn\u00e9es sur vous, utiliser des cookies, embarquer des outils de suivis tiers, suivre vos interactions avec ces contenus embarqu\u00e9s si vous disposez d\u2019un compte connect\u00e9 sur leur site web.<\/p>\r\n<p><!-- \/wp:paragraph -->\r\n\r\n<!-- wp:paragraph \/-->\r\n\r\n<!-- wp:heading --><\/p>\r\n<h3>Utilisations des cookies de tiers<\/h3>\r\n<p><strong>Pour tout savoir sur notre utilisation des cookies de tiers (Google, Facebook, Twitter X&#8230;)<\/strong>, vos recours quand a leurs utilisations et leurs dur\u00e9es de conservation nous vous invitons \u00e0 consulter les <a href=\"https:\/\/www.alsofashiondesignstudio.com\/fr\/mentions-legales-utilisation-site\/\">mentions l\u00e9gales et conditions d&rsquo;utilisation<\/a> de notre site.<\/p>\r\n<h2>Contact<\/h2>\r\n<p>Pour toute question nous vous invitons \u00e0\u00a0<a href=\"https:\/\/www.alsofashiondesignstudio.com\/fr\/contact-bureau-de-style-freelance\/\">nous contacter<\/a>\u00a0par le moyen de votre choix.<\/p>\r\n<p><!-- \/wp:heading --><\/p>\r\n<!-- \/wp:paragraph -->","protected":false},"excerpt":{"rendered":"<p>La soci\u00e9t\u00e9 ALSO Fashion SAS, soucieuse des droits des individus, notamment au regard des traitements automatis\u00e9s et dans une volont\u00e9&#8230;<\/p>\n","protected":false},"author":1,"featured_media":0,"parent":0,"menu_order":58,"comment_status":"closed","ping_status":"closed","template":"","meta":{"footnotes":""},"class_list":["post-23","page","type-page","status-publish","hentry"],"jetpack_sharing_enabled":true,"amp_enabled":true,"_links":{"self":[{"href":"https:\/\/www.alsofashiondesignstudio.com\/fr\/wp-json\/wp\/v2\/pages\/23","targetHints":{"allow":["GET"]}}],"collection":[{"href":"https:\/\/www.alsofashiondesignstudio.com\/fr\/wp-json\/wp\/v2\/pages"}],"about":[{"href":"https:\/\/www.alsofashiondesignstudio.com\/fr\/wp-json\/wp\/v2\/types\/page"}],"author":[{"embeddable":true,"href":"https:\/\/www.alsofashiondesignstudio.com\/fr\/wp-json\/wp\/v2\/users\/1"}],"replies":[{"embeddable":true,"href":"https:\/\/www.alsofashiondesignstudio.com\/fr\/wp-json\/wp\/v2\/comments?post=23"}],"version-history":[{"count":25,"href":"https:\/\/www.alsofashiondesignstudio.com\/fr\/wp-json\/wp\/v2\/pages\/23\/revisions"}],"predecessor-version":[{"id":2068,"href":"https:\/\/www.alsofashiondesignstudio.com\/fr\/wp-json\/wp\/v2\/pages\/23\/revisions\/2068"}],"wp:attachment":[{"href":"https:\/\/www.alsofashiondesignstudio.com\/fr\/wp-json\/wp\/v2\/media?parent=23"}],"curies":[{"name":"wp","href":"https:\/\/api.w.org\/{rel}","templated":true}]}}